{"id":2411,"date":"2023-07-10T09:12:51","date_gmt":"2023-07-10T09:12:51","guid":{"rendered":"https:\/\/especialistamasculinidades.umh.es\/?page_id=2411"},"modified":"2023-07-10T09:12:56","modified_gmt":"2023-07-10T09:12:56","slug":"faqs","status":"publish","type":"page","link":"https:\/\/especialistamasculinidades.umh.es\/ca\/faqs\/","title":{"rendered":"Faqs"},"content":{"rendered":"<p>[et_pb_section fb_built=&#8221;1&#8243; admin_label=&#8221;section&#8221; _builder_version=&#8221;4.16&#8243; global_colors_info=&#8221;{}&#8221;][et_pb_row admin_label=&#8221;row&#8221; _builder_version=&#8221;4.16&#8243; background_size=&#8221;initial&#8221; background_position=&#8221;top_left&#8221; background_repeat=&#8221;repeat&#8221; global_colors_info=&#8221;{}&#8221;][et_pb_column type=&#8221;4_4&#8243; _builder_version=&#8221;4.16&#8243; custom_padding=&#8221;|||&#8221; global_colors_info=&#8221;{}&#8221; custom_padding__hover=&#8221;|||&#8221;][et_pb_text admin_label=&#8221;Texto&#8221; _builder_version=&#8221;4.17.4&#8243; background_size=&#8221;initial&#8221; background_position=&#8221;top_left&#8221; background_repeat=&#8221;repeat&#8221; use_border_color=&#8221;off&#8221; border_color=&#8221;#ffffff&#8221; border_style=&#8221;solid&#8221; global_colors_info=&#8221;{}&#8221;]<\/p>\n<h1 style=\"color: #9a2127;\">Faqs<\/h1>\n<p>Este T\u00edtulo de Especialista Universitario en Masculinidades, G\u00e9nero e Igualdad profesionaliza a las personas que deseen adquirir una formaci\u00f3n reglada con validez oficial en el \u00e1mbito de la igualdad de g\u00e9nero enfocada en los hombres y las masculinidades. El t\u00edtulo tiene una carga lectiva de 30 cr\u00e9ditos internacionales (ECTS) y tiene car\u00e1cter no presencial (se imparte \u00edntegramente online).<\/p>\n<p>A continuaci\u00f3n, resumimos las preguntas e inquietudes m\u00e1s frecuentes que estamos recibiendo en el proceso de admisi\u00f3n del estudiantado.<\/p>\n<ol>\n<li>\n<h5><strong>Sobre el proceso de admisi\u00f3n<\/strong><\/h5>\n<\/li>\n<\/ol>\n<p><strong>\u00bfQu\u00e9 requisitos son necesarios para cursar el t\u00edtulo de Especialista?<\/strong><\/p>\n<p>El T\u00edtulo de Especialista Universitario en Masculinidades, G\u00e9nero e Igualdad est\u00e1 orientado especialmente a personas con titulaci\u00f3n universitaria. El \u00fanico requisito formal para la admisi\u00f3n, exigido por la normativa de la Universidad Miguel Hern\u00e1ndez de Elche, consiste en estar en posesi\u00f3n de un t\u00edtulo universitario.<\/p>\n<p><strong>\u00bfQu\u00e9 hago una vez que me he inscrito? \u00bfQu\u00e9 documentaci\u00f3n necesito?<\/strong><\/p>\n<p>V\u00e9ase el apartado de ACCESO donde especificamos lo siguiente:<\/p>\n<p><strong>PASO 1:<\/strong> Para preinscribirte en el T\u00edtulo de Especialista Universitario en Masculinidades, G\u00e9nero e Igualdad primero tienes que <strong><a href=\"https:\/\/universite.umh.es\/fpogestion\/aspx\/Preinscripcion\/Preinscripcion.aspx\" target=\"_blank\" rel=\"noopener\">acceder aqu\u00ed<\/a> y rellenar la solicitud<\/strong>. (Tipo de ense\u00f1anza: \u00abEspecialista Universitario\u00bb; Ense\u00f1anza: UNIVERSITARIO EN MASCULINIDADES, G\u00c9NERO E IGUALDAD).<\/p>\n<p><strong>PASO 2: ESPECIALISTA Una vez realizada la preinscripci\u00f3n, se debe presentar la siguiente informaci\u00f3n escaneada en <a href=\"mailto:esp.masculinidades2@umh.es\">esp.masculinidades2@umh.es<\/a><\/strong><\/p>\n<ul>\n<li>Resguardo de la preinscripci\u00f3n (informaci\u00f3n del correo de confirmaci\u00f3n que recibir\u00e1s al prescribirte).<\/li>\n<li>Fotocopia de DNI, NIF o pasaporte.<\/li>\n<li>Fotocopia del t\u00edtulo o resguardo en su caso (los t\u00edtulos expedidos fuera de Espa\u00f1a, deben ser acompa\u00f1ados de la apostilla de La Haya).<\/li>\n<li>Fotocopia del certificado de notas (los certificados expedidos fuera de Espa\u00f1a, deben ser acompa\u00f1ados de la apostilla de La Haya).<\/li>\n<li>Curr\u00edculum Vitae<\/li>\n<li>Carta de motivaci\u00f3n sobre estudios en masculinidades e igualdad de g\u00e9nero.<\/li>\n<\/ul>\n<ol start=\"2\">\n<li>\n<h5><strong>Criterios de selecci\u00f3n<\/strong><\/h5>\n<\/li>\n<\/ol>\n<ul>\n<li>Expediente acad\u00e9mico.<\/li>\n<li>M\u00e9ritos profesionales.<\/li>\n<li>Carta de motivaci\u00f3n sobre estudios en masculinidades e igualdad de g\u00e9nero.<\/li>\n<\/ul>\n<ol start=\"3\">\n<li>\n<h5><strong>Sobre el t\u00edtulo<\/strong><\/h5>\n<\/li>\n<\/ol>\n<p><strong>\u00bfPuedo cursarlo si vivo en un pa\u00eds diferente a Espa\u00f1a?<\/strong><\/p>\n<p>S\u00ed. El t\u00edtulo tiene un car\u00e1cter internacional tanto en sus contenidos como en la metodolog\u00eda que se proporciona (totalmente online), por lo que cualquier persona de cualquier pa\u00eds interesada en cursarlo (por ejemplo, M\u00e9xico, Brasil, Portugal, Chile, Colombia, Ecuador, etc.) pueda acceder a \u00e9l sin problema.<\/p>\n<p><strong>\u00bfCu\u00e1l es la validez del t\u00edtulo a nivel internacional?<\/strong><\/p>\n<p>El t\u00edtulo tiene car\u00e1cter oficial y es expedido por una Universidad P\u00fablica Espa\u00f1ola: Universidad Miguel Hern\u00e1ndez de Elche. Por ello, atiende a las caracter\u00edsticas de una titulaci\u00f3n de Especialista Universitario recogidas en la legislaci\u00f3n vigente<\/p>\n<ol start=\"4\">\n<li>\n<h5><strong>Sobre las fechas importantes<\/strong><\/h5>\n<\/li>\n<\/ol>\n<p style=\"text-align: justify;\"><b>Preinscripci\u00f3n:\u00a0<\/b><span style=\"font-weight: 400;\">02\/05\/23 a 30\/09\/23<\/span><\/p>\n<p style=\"text-align: justify;\"><b>Matriculaci\u00f3n: <\/b><span style=\"font-weight: 400;\">15\/05\/23 a 30\/09\/23<\/span><\/p>\n<p style=\"text-align: justify;\"><b>Duraci\u00f3n: <\/b><span style=\"font-weight: 400;\">03\/10\/2023 a 30\/09\/2024<\/span><\/p>\n<ol start=\"5\">\n<li>\n<h5><strong>Sobre el calendario acad\u00e9mico<\/strong><\/h5>\n<\/li>\n<\/ol>\n<p>Con el Calendario Acad\u00e9mico te informamos de los distintos plazos que rigen los procedimientos administrativos de la UMH. Este documento es de aplicaci\u00f3n a todos los estudios impartidos en la UMH, incluyendo este t\u00edtulo de Especialista.<\/p>\n<ol start=\"6\">\n<li>\n<h5><strong>Sobre el calendario previsto para cursar este t\u00edtulo<\/strong><\/h5>\n<\/li>\n<\/ol>\n<p>Se ofrece en formato te\u00f3rico-pr\u00e1ctico con una carga lectiva de 30 cr\u00e9ditos ECTS y en la modalidad 100% on-line (no presencial). La formaci\u00f3n se imparte en un curso acad\u00e9mico (2023-2024) desde octubre 2023 a septiembre 2024 y est\u00e1 dividido en diez asignaturas que se ir\u00e1n presentando cada tres semanas. <a href=\"https:\/\/especialistamasculinidades.umh.es\/files\/2023\/06\/CRONOGRAMA-2023-24.pdf\" target=\"_blank\" rel=\"noopener\">CRONOGRAMA<\/a><\/p>\n<ol start=\"7\">\n<li>\n<h5><strong>Sobre el precio<\/strong><\/h5>\n<\/li>\n<\/ol>\n<p><strong>\u00bfQu\u00e9 me cuesta el t\u00edtulo? \u00bfC\u00f3mo puedo pagar en cuotas? \u00bfTendr\u00e9 un coste adicional por financiaci\u00f3n?<\/strong><\/p>\n<p>El importe de la matr\u00edcula incluye tanto la formaci\u00f3n como el acceso al aula virtual, el uso de las herramientas de estudio y comunicaci\u00f3n, y los materiales interactivos. No existe ning\u00fan coste de inscripci\u00f3n adicional en concepto de apertura ni por gesti\u00f3n de matr\u00edcula. No se incluyen los materiales de terceros como libros de texto. Existen otros conceptos de car\u00e1cter administrativo que el alumno o la alumna podr\u00e1 solicitar, como certificados, expedici\u00f3n de t\u00edtulo, duplicados u otros, y que tendr\u00e1n un coste independiente.<\/p>\n<p><strong>Precio de matr\u00edcula: 1037,70 euros<\/strong><\/p>\n<p>&#8211; Primer plazo: supondr\u00e1 el 60% del total de precio de la matr\u00edcula. Deber\u00e1 abonarse antes del inicio del curso.<\/p>\n<p>&#8211; Segundo plazo: equivaldr\u00e1 al 40% del total del precio de la matr\u00edcula. Deber\u00e1 abonarse a los dos meses contados desde el inicio del curso.<\/p>\n<p><strong>\u00bfC\u00f3mo realizo el pago?<\/strong><\/p>\n<p>Para poder realizar el pago debes haberte preinscrito previamente en la actividad formativa de tu elecci\u00f3n (Especialista Universitario en Masculinidades, G\u00e9nero e Igualdad) y posteriormente, desde la secretar\u00eda del curso, recibir\u00e1s por correo electr\u00f3nico confirmaci\u00f3n de tu inscripci\u00f3n y el primer recibo para su pago.<\/p>\n<ol start=\"8\">\n<li>\n<h5><strong>Sobre la forma de acceso al curso una vez iniciado<\/strong><\/h5>\n<\/li>\n<\/ol>\n<p><strong>\u00bfPuedo cursar el t\u00edtulo desde cualquier dispositivo?<\/strong><\/p>\n<p>S\u00ed, cualquier persona con un dispositivo m\u00f3vil u ordenador con acceso a internet podr\u00e1 acceder a los contenidos del curso sin problema.<\/p>\n<ol start=\"9\">\n<li>\n<h5><strong>Sobre la metodolog\u00eda que se va a utilizar<\/strong><\/h5>\n<\/li>\n<\/ol>\n<p>Este T\u00edtulo de Especialista Universitario en Masculinidades, G\u00e9nero e Igualdad ofrece al estudiantado una ense\u00f1anza universitaria de alto nivel te\u00f3rico y emp\u00edrico a trav\u00e9s de una metodolog\u00eda a distancia que posibilita una transmisi\u00f3n de conocimientos \u00e1gil, din\u00e1mica, avanzada, interactiva y continuada, tanto de los\/as docentes al alumnado, como entre el propio alumnado matriculado, siendo la evaluaci\u00f3n on-line.<\/p>\n<p>Gracias al Campus Virtual de la Universidad Miguel Hern\u00e1ndez y el uso avanzado de las Nuevas Tecnolog\u00edas de la Informaci\u00f3n y la Comunicaci\u00f3n el alumnado tendr\u00e1 acceso a un contenido variado y diversos (escrito y audiovisual) ofrecido por el profesorado. De este modo, el estudiantado es responsable de su propio aprendizaje, participando en actividades individuales o con otros compa\u00f1eros y compa\u00f1eras, reflexionando sobre lo que hacen y aprenden, as\u00ed como sobre los resultados que logran, en definitiva, desarrollando de manera aut\u00f3noma el pensamiento cr\u00edtico, actitudes colaborativas y destrezas profesionales. El Campus Virtual constituye una herramienta fundamental de interacci\u00f3n entre el equipo docente y el estudiantado, pues tanto unos como otros pueden establecer una comunicaci\u00f3n directa por medio de:<\/p>\n<ul>\n<li>Masterclass virtuales: en cada asignatura los\/as profesores\/as expertos\/as impartir\u00e1n conferencias virtuales que estar\u00e1n a disposici\u00f3n del estudiantado en el campus virtual.<\/li>\n<li>Material docente interactivo: cada asignatura contar\u00e1 con temario digitalizado.<\/li>\n<li>Tutor\u00edas individuales y colectivas: a trav\u00e9s de videoconferencias los y las estudiantes realizar\u00e1n tutor\u00edas con el profesorado y con el resto de compa\u00f1eros\/as.<\/li>\n<li>Foros: se contar\u00e1 con foros para debatir aspectos destacados de cada una de las asignaturas.<\/li>\n<li>Recursos bibliogr\u00e1ficos: se pondr\u00e1 a disposici\u00f3n del alumnado material bibliogr\u00e1fico destacado.<\/li>\n<li>Recursos audiovisuales: se ofrecer\u00e1 en todas las asignaturas materiales audiovisuales que complementen los contenidos.<\/li>\n<\/ul>\n<p>Este curso consta de 10 asignaturas, que a su vez se dividen normalmente en tres temas, que imparte un profesor o profesora experto\/a en la materia. Las personas que conforman el profesorado son especialistas de reconocido prestigio nacional e internacional en el estudio de las masculinidades y la igualdad de g\u00e9nero. En cada asignatura (de 3 ECTS) suelen participar tres docentes, cada uno con un tema de 1 ECTS, y un profesor o profesora ser\u00e1 el responsable de esa asignatura. Su labor consistir\u00e1 en coordinar los contenidos de los diversos docentes, evaluar al alumnado y firmar las actas, as\u00ed como apoyar a los\/las estudiantes en su proceso de aprendizaje para que obtengan el m\u00e1ximo aprovechamiento. El profesor o profesora responsable se encargar\u00e1 de coordinar la materia de la que es responsable, responder a las cuestiones que planteen los\/las estudiantes, organizar y moderar foros, impartir v\u00eddeo-clases y en definitiva dirigir la asignatura.<\/p>\n<p>A su vez, como ya hemos comentado, en cada asignatura (de 3 ECTS) habr\u00e1 tres profesores\/as expertos\/as que ofrecer\u00e1n su tema espec\u00edfico a trav\u00e9s de diversos medios escritos y audiovisuales, lo cual permite que profesores\/as, profesionales, investigadores\/as y personas expertas del m\u00e1ximo nivel nacional e internacional ofrezcan al estudiantado su conocimiento sobre un t\u00f3pico concreto que traten en profundidad y que constituye un ep\u00edgrafe fundamental dentro del conjunto de la asignatura.<\/p>\n<p>La profesora que coordina este curso de especialista universitario, Anastasia T\u00e9llez Infantes, ser\u00e1 la encargada de los trabajos de fin de t\u00edtulo (TFT). El trabajo de fin de t\u00edtulo o de curso es un trabajo original cient\u00edfico te\u00f3rico o pr\u00e1ctico en el que se han de aplicar y desarrollar los conocimientos y capacidades adquiridas durante la realizaci\u00f3n del mismo.<\/p>\n<p>Todas las asignaturas tienen activo, desde el inicio, un Aula virtual general de la asignatura para realizar v\u00eddeo conferencias y un foro general para resolver las dudas relacionadas con la metodolog\u00eda, procedimientos de evaluaci\u00f3n y otras no espec\u00edficas de los bloques del temario.<\/p>\n<p>La profesora que coordina el curso de especialista universitario, Anastasia T\u00e9llez Infantes, se encargar\u00e1 del seguimiento personal de cada alumno o alumna, asesor\u00e1ndole en cuestiones acad\u00e9micas (organizaci\u00f3n del tiempo de estudio, distribuci\u00f3n del n\u00famero de cr\u00e9ditos, convocatorias de ex\u00e1menes, facilitar el acceso a los recursos, etc.). En definitiva, se trata de una actividad de seguimiento individualizado del aprendizaje de los y las estudiantes para lograr un mayor rendimiento acad\u00e9mico e integraci\u00f3n en la vida universitaria. V\u00e9ase el apartado del <a href=\"https:\/\/especialistamasculinidades.umh.es\/files\/2023\/06\/CRONOGRAMA-2023-24.pdf\" target=\"_blank\" rel=\"noopener\">CRONOGRAMA<\/a> detallado del curso.<\/p>\n<ol start=\"10\">\n<li>\n<h5><strong>Sobre la evaluaci\u00f3n<\/strong><\/h5>\n<\/li>\n<\/ol>\n<p><strong>\u00bfC\u00f3mo se me evaluar\u00e1?<\/strong><\/p>\n<p>A.- Evaluaci\u00f3n de las asignaturas n\u00ba 1 a la n\u00ba 9:<\/p>\n<p>La evaluaci\u00f3n del 100% de las 9 primeras asignaturas (obligatorias y de 3 ECTS cada una) se realizar\u00e1 a trav\u00e9s de la entrega por parte del alumnado de un trabajo de m\u00e1ximo 10 p\u00e1ginas cr\u00edtico personal y comentado de los materiales y contenidos del curso, por cada asignatura.<\/p>\n<p>El trabajo ha de estar en formato Word a interlineado 1,5 y fuente Arial 12 y ha de contener, al menos, los siguientes apartados: introducci\u00f3n, conclusi\u00f3n, bibliograf\u00eda usada debidamente referenciada, adem\u00e1s de los ep\u00edgrafes que se consideren oportunos. Se valorar\u00e1 de modo especial el correcto referenciado bibliogr\u00e1fico, el uso de citas de autores\/as, la reflexi\u00f3n personal de lo expuesto, la asimilaci\u00f3n cr\u00edtica y la comprensi\u00f3n de los contenidos y la redacci\u00f3n del trabajo con un uso del lenguaje cient\u00edfico no sexista. Se evitar\u00e1 el plagio de otros textos y\/o de internet. La misma modalidad de evaluaci\u00f3n ser\u00e1 para la convocatoria ordinaria o extraordinaria.<\/p>\n<p>B.- Evaluaci\u00f3n de la asignatura n\u00ba 10:<\/p>\n<p>La evaluaci\u00f3n del 100% de esta asignatura de TRABAJO DE FIN DE T\u00cdTULO se realizar\u00e1 a trav\u00e9s de la entrega por parte del alumnado de un trabajo de m\u00e1ximo 30 p\u00e1ginas sobre un tema acordado en el mes de marzo con la profesora coordinadora, Anastasia T\u00e9llez Infantes.<\/p>\n<p>El trabajo ha de estar en formato Word a interlineado 1,5 y fuente Arial 12 y ha de contener, al menos, los siguientes apartados: introducci\u00f3n, conclusi\u00f3n, bibliograf\u00eda usada debidamente referenciada, adem\u00e1s de los ep\u00edgrafes que se consideren oportunos. Se valorar\u00e1 de modo especial el correcto referenciado bibliogr\u00e1fico, el uso de citas de autores\/as, la reflexi\u00f3n personal de lo expuesto, la asimilaci\u00f3n cr\u00edtica y la comprensi\u00f3n de los contenidos y la redacci\u00f3n del trabajo con un uso del lenguaje cient\u00edfico no sexista. Se evitar\u00e1 el plagio de otros textos y\/o de internet. La misma modalidad de evaluaci\u00f3n ser\u00e1 para la convocatoria ordinaria o extraordinaria.<\/p>\n<p><strong>\u00bfCu\u00e1ntas posibilidades de convocatoria tengo?<\/strong><\/p>\n<p>Durante el curso acad\u00e9mico en el que ser\u00e1n impartidos los 9 meses que durar\u00e1 el t\u00edtulo de especialista, tendr\u00e1s dos convocatorias para superar todas las asignaturas: la convocatoria ordinaria en el mes de junio y la convocatoria extraordinaria en el mes de septiembre.<br \/>\n[\/et_pb_text][\/et_pb_column][\/et_pb_row][\/et_pb_section]<\/p>\n","protected":false},"excerpt":{"rendered":"<p>Faqs Este T\u00edtulo de Especialista Universitario en Masculinidades, G\u00e9nero e Igualdad profesionaliza a las personas que deseen adquirir una formaci\u00f3n reglada con validez oficial en el \u00e1mbito de la igualdad de g\u00e9nero enfocada en los hombres y las masculinidades. El t\u00edtulo tiene una carga lectiva de 30 cr\u00e9ditos internacionales (ECTS) y tiene car\u00e1cter no presencial [&hellip;]<\/p>\n","protected":false},"author":23459,"featured_media":0,"parent":0,"menu_order":0,"comment_status":"open","ping_status":"open","template":"","meta":{"_et_pb_use_builder":"on","_et_pb_old_content":"<p>[et_pb_section fb_built=\"1\" admin_label=\"section\" _builder_version=\"4.16\" global_colors_info=\"{}\"][et_pb_row admin_label=\"row\" _builder_version=\"4.16\" background_size=\"initial\" background_position=\"top_left\" background_repeat=\"repeat\" global_colors_info=\"{}\"][et_pb_column type=\"4_4\" _builder_version=\"4.16\" custom_padding=\"|||\" global_colors_info=\"{}\" custom_padding__hover=\"|||\"][et_pb_text admin_label=\"Texto\" _builder_version=\"4.17.4\" background_size=\"initial\" background_position=\"top_left\" background_repeat=\"repeat\" use_border_color=\"off\" border_color=\"#ffffff\" border_style=\"solid\" global_colors_info=\"{}\"]<\/p><h1 style=\"color: #9a2127;\">Faqs<\/h1><p>Este T\u00edtulo de Especialista Universitario en Masculinidades, G\u00e9nero e Igualdad profesionaliza a las personas que deseen adquirir una formaci\u00f3n reglada con validez oficial en el \u00e1mbito de la igualdad de g\u00e9nero enfocada en los hombres y las masculinidades. El t\u00edtulo tiene una carga lectiva de 30 cr\u00e9ditos internacionales (ECTS) y tiene car\u00e1cter no presencial (se imparte \u00edntegramente online).<\/p><p>A continuaci\u00f3n, resumimos las preguntas e inquietudes m\u00e1s frecuentes que estamos recibiendo en el proceso de admisi\u00f3n del estudiantado.<\/p><ol><li><h5><strong>Sobre el proceso de admisi\u00f3n<\/strong><\/h5><\/li><\/ol><p><strong>\u00bfQu\u00e9 requisitos son necesarios para cursar el t\u00edtulo de Especialista?<\/strong><\/p><p>El T\u00edtulo de Especialista Universitario en Masculinidades, G\u00e9nero e Igualdad est\u00e1 orientado especialmente a personas con titulaci\u00f3n universitaria. El \u00fanico requisito formal para la admisi\u00f3n, exigido por la normativa de la Universidad Miguel Hern\u00e1ndez de Elche, consiste en estar en posesi\u00f3n de un t\u00edtulo universitario.<\/p><p><strong>\u00bfQu\u00e9 hago una vez que me he inscrito? \u00bfQu\u00e9 documentaci\u00f3n necesito?<\/strong><\/p><p>V\u00e9ase el apartado de ACCESO donde especificamos lo siguiente:<\/p><p><strong>PASO 1:<\/strong> Para preinscribirte en el T\u00edtulo de Especialista Universitario en Masculinidades, G\u00e9nero e Igualdad primero tienes que <strong><a href=\"https:\/\/universite.umh.es\/fpogestion\/aspx\/Preinscripcion\/Preinscripcion.aspx\" target=\"_blank\" rel=\"noopener\">acceder aqu\u00ed<\/a> y rellenar la solicitud<\/strong>. (Tipo de ense\u00f1anza: \u00abEspecialista Universitario\u00bb; Ense\u00f1anza: UNIVERSITARIO EN MASCULINIDADES, G\u00c9NERO E IGUALDAD).<\/p><p><strong>PASO 2: ESPECIALISTA Una vez realizada la preinscripci\u00f3n, se debe presentar la siguiente informaci\u00f3n escaneada en <a href=\"mailto:esp.masculinidades2@umh.es\">esp.masculinidades2@umh.es<\/a><\/strong><\/p><ul><li>Resguardo de la preinscripci\u00f3n (informaci\u00f3n del correo de confirmaci\u00f3n que recibir\u00e1s al prescribirte).<\/li><li>Fotocopia de DNI, NIF o pasaporte.<\/li><li>Fotocopia del t\u00edtulo o resguardo en su caso (los t\u00edtulos expedidos fuera de Espa\u00f1a, deben ser acompa\u00f1ados de la apostilla de La Haya).<\/li><li>Fotocopia del certificado de notas (los certificados expedidos fuera de Espa\u00f1a, deben ser acompa\u00f1ados de la apostilla de La Haya).<\/li><li>Curr\u00edculum Vitae<\/li><li>Carta de motivaci\u00f3n sobre estudios en masculinidades e igualdad de g\u00e9nero.<\/li><\/ul><ol start=\"2\"><li><h5><strong>Criterios de selecci\u00f3n<\/strong><\/h5><\/li><\/ol><ul><li>Expediente acad\u00e9mico.<\/li><li>M\u00e9ritos profesionales.<\/li><li>Carta de motivaci\u00f3n sobre estudios en masculinidades e igualdad de g\u00e9nero.<\/li><\/ul><ol start=\"3\"><li><h5><strong>Sobre el t\u00edtulo<\/strong><\/h5><\/li><\/ol><p><strong>\u00bfPuedo cursarlo si vivo en un pa\u00eds diferente a Espa\u00f1a?<\/strong><\/p><p>S\u00ed. El t\u00edtulo tiene un car\u00e1cter internacional tanto en sus contenidos como en la metodolog\u00eda que se proporciona (totalmente online), por lo que cualquier persona de cualquier pa\u00eds interesada en cursarlo (por ejemplo, M\u00e9xico, Brasil, Portugal, Chile, Colombia, Ecuador, etc.) pueda acceder a \u00e9l sin problema.<\/p><p><strong>\u00bfCu\u00e1l es la validez del t\u00edtulo a nivel internacional?<\/strong><\/p><p>El t\u00edtulo tiene car\u00e1cter oficial y es expedido por una Universidad P\u00fablica Espa\u00f1ola: Universidad Miguel Hern\u00e1ndez de Elche. Por ello, atiende a las caracter\u00edsticas de una titulaci\u00f3n de Especialista Universitario recogidas en la legislaci\u00f3n vigente<\/p><ol start=\"4\"><li><h5><strong>Sobre las fechas importantes<\/strong><\/h5><\/li><\/ol><p style=\"text-align: justify;\"><b>Preinscripci\u00f3n:\u00a0<\/b><span style=\"font-weight: 400;\">02\/05\/23 a 30\/09\/23<\/span><\/p><p style=\"text-align: justify;\"><b>Matriculaci\u00f3n: <\/b><span style=\"font-weight: 400;\">15\/05\/23 a 30\/09\/23<\/span><\/p><p style=\"text-align: justify;\"><b>Duraci\u00f3n: <\/b><span style=\"font-weight: 400;\">03\/10\/2023 a 30\/09\/2024<\/span><\/p><ol start=\"5\"><li><h5><strong>Sobre el calendario acad\u00e9mico<\/strong><\/h5><\/li><\/ol><p>Con el Calendario Acad\u00e9mico te informamos de los distintos plazos que rigen los procedimientos administrativos de la UMH. Este documento es de aplicaci\u00f3n a todos los estudios impartidos en la UMH, incluyendo este t\u00edtulo de Especialista.<\/p><ol start=\"6\"><li><h5><strong>Sobre el calendario previsto para cursar este t\u00edtulo<\/strong><\/h5><\/li><\/ol><p>Se ofrece en formato te\u00f3rico-pr\u00e1ctico con una carga lectiva de 30 cr\u00e9ditos ECTS y en la modalidad 100% on-line (no presencial). La formaci\u00f3n se imparte en un curso acad\u00e9mico (2023-2024) desde octubre 2023 a septiembre 2024 y est\u00e1 dividido en diez asignaturas que se ir\u00e1n presentando cada tres semanas. <a href=\"https:\/\/especialistamasculinidades.umh.es\/files\/2023\/06\/CRONOGRAMA-2023-24.pdf\" target=\"_blank\" rel=\"noopener\">CRONOGRAMA<\/a><\/p><ol start=\"7\"><li><h5><strong>Sobre el precio<\/strong><\/h5><\/li><\/ol><p><strong>\u00bfQu\u00e9 me cuesta el t\u00edtulo? \u00bfC\u00f3mo puedo pagar en cuotas? \u00bfTendr\u00e9 un coste adicional por financiaci\u00f3n?<\/strong><\/p><p>El importe de la matr\u00edcula incluye tanto la formaci\u00f3n como el acceso al aula virtual, el uso de las herramientas de estudio y comunicaci\u00f3n, y los materiales interactivos. No existe ning\u00fan coste de inscripci\u00f3n adicional en concepto de apertura ni por gesti\u00f3n de matr\u00edcula. No se incluyen los materiales de terceros como libros de texto. Existen otros conceptos de car\u00e1cter administrativo que el alumno o la alumna podr\u00e1 solicitar, como certificados, expedici\u00f3n de t\u00edtulo, duplicados u otros, y que tendr\u00e1n un coste independiente.<\/p><p><strong>Precio de matr\u00edcula: 1037,70 euros<\/strong><\/p><p>- Primer plazo: supondr\u00e1 el 60% del total de precio de la matr\u00edcula. Deber\u00e1 abonarse antes del inicio del curso.<\/p><p>- Segundo plazo: equivaldr\u00e1 al 40% del total del precio de la matr\u00edcula. Deber\u00e1 abonarse a los dos meses contados desde el inicio del curso.<\/p><p><strong>\u00bfC\u00f3mo realizo el pago?<\/strong><\/p><p>Para poder realizar el pago debes haberte preinscrito previamente en la actividad formativa de tu elecci\u00f3n (Especialista Universitario en Masculinidades, G\u00e9nero e Igualdad) y posteriormente, desde la secretar\u00eda del curso, recibir\u00e1s por correo electr\u00f3nico confirmaci\u00f3n de tu inscripci\u00f3n y el primer recibo para su pago.<\/p><ol start=\"8\"><li><h5><strong>Sobre la forma de acceso al curso una vez iniciado<\/strong><\/h5><\/li><\/ol><p><strong>\u00bfPuedo cursar el t\u00edtulo desde cualquier dispositivo?<\/strong><\/p><p>S\u00ed, cualquier persona con un dispositivo m\u00f3vil u ordenador con acceso a internet podr\u00e1 acceder a los contenidos del curso sin problema.<\/p><ol start=\"9\"><li><h5><strong>Sobre la metodolog\u00eda que se va a utilizar<\/strong><\/h5><\/li><\/ol><p>Este T\u00edtulo de Especialista Universitario en Masculinidades, G\u00e9nero e Igualdad ofrece al estudiantado una ense\u00f1anza universitaria de alto nivel te\u00f3rico y emp\u00edrico a trav\u00e9s de una metodolog\u00eda a distancia que posibilita una transmisi\u00f3n de conocimientos \u00e1gil, din\u00e1mica, avanzada, interactiva y continuada, tanto de los\/as docentes al alumnado, como entre el propio alumnado matriculado, siendo la evaluaci\u00f3n on-line.<\/p><p>Gracias al Campus Virtual de la Universidad Miguel Hern\u00e1ndez y el uso avanzado de las Nuevas Tecnolog\u00edas de la Informaci\u00f3n y la Comunicaci\u00f3n el alumnado tendr\u00e1 acceso a un contenido variado y diversos (escrito y audiovisual) ofrecido por el profesorado. De este modo, el estudiantado es responsable de su propio aprendizaje, participando en actividades individuales o con otros compa\u00f1eros y compa\u00f1eras, reflexionando sobre lo que hacen y aprenden, as\u00ed como sobre los resultados que logran, en definitiva, desarrollando de manera aut\u00f3noma el pensamiento cr\u00edtico, actitudes colaborativas y destrezas profesionales. El Campus Virtual constituye una herramienta fundamental de interacci\u00f3n entre el equipo docente y el estudiantado, pues tanto unos como otros pueden establecer una comunicaci\u00f3n directa por medio de:<\/p><ul><li>Masterclass virtuales: en cada asignatura los\/as profesores\/as expertos\/as impartir\u00e1n conferencias virtuales que estar\u00e1n a disposici\u00f3n del estudiantado en el campus virtual.<\/li><li>Material docente interactivo: cada asignatura contar\u00e1 con temario digitalizado.<\/li><li>Tutor\u00edas individuales y colectivas: a trav\u00e9s de videoconferencias los y las estudiantes realizar\u00e1n tutor\u00edas con el profesorado y con el resto de compa\u00f1eros\/as.<\/li><li>Foros: se contar\u00e1 con foros para debatir aspectos destacados de cada una de las asignaturas.<\/li><li>Recursos bibliogr\u00e1ficos: se pondr\u00e1 a disposici\u00f3n del alumnado material bibliogr\u00e1fico destacado.<\/li><li>Recursos audiovisuales: se ofrecer\u00e1 en todas las asignaturas materiales audiovisuales que complementen los contenidos.<\/li><\/ul><p>Este curso consta de 10 asignaturas, que a su vez se dividen normalmente en tres temas, que imparte un profesor o profesora experto\/a en la materia. Las personas que conforman el profesorado son especialistas de reconocido prestigio nacional e internacional en el estudio de las masculinidades y la igualdad de g\u00e9nero. En cada asignatura (de 3 ECTS) suelen participar tres docentes, cada uno con un tema de 1 ECTS, y un profesor o profesora ser\u00e1 el responsable de esa asignatura. Su labor consistir\u00e1 en coordinar los contenidos de los diversos docentes, evaluar al alumnado y firmar las actas, as\u00ed como apoyar a los\/las estudiantes en su proceso de aprendizaje para que obtengan el m\u00e1ximo aprovechamiento. El profesor o profesora responsable se encargar\u00e1 de coordinar la materia de la que es responsable, responder a las cuestiones que planteen los\/las estudiantes, organizar y moderar foros, impartir v\u00eddeo-clases y en definitiva dirigir la asignatura.<\/p><p>A su vez, como ya hemos comentado, en cada asignatura (de 3 ECTS) habr\u00e1 tres profesores\/as expertos\/as que ofrecer\u00e1n su tema espec\u00edfico a trav\u00e9s de diversos medios escritos y audiovisuales, lo cual permite que profesores\/as, profesionales, investigadores\/as y personas expertas del m\u00e1ximo nivel nacional e internacional ofrezcan al estudiantado su conocimiento sobre un t\u00f3pico concreto que traten en profundidad y que constituye un ep\u00edgrafe fundamental dentro del conjunto de la asignatura.<\/p><p>La profesora que coordina este curso de especialista universitario, Anastasia T\u00e9llez Infantes, ser\u00e1 la encargada de los trabajos de fin de t\u00edtulo (TFT). El trabajo de fin de t\u00edtulo o de curso es un trabajo original cient\u00edfico te\u00f3rico o pr\u00e1ctico en el que se han de aplicar y desarrollar los conocimientos y capacidades adquiridas durante la realizaci\u00f3n del mismo.<\/p><p>Todas las asignaturas tienen activo, desde el inicio, un Aula virtual general de la asignatura para realizar v\u00eddeo conferencias y un foro general para resolver las dudas relacionadas con la metodolog\u00eda, procedimientos de evaluaci\u00f3n y otras no espec\u00edficas de los bloques del temario.<\/p><p>La profesora que coordina el curso de especialista universitario, Anastasia T\u00e9llez Infantes, se encargar\u00e1 del seguimiento personal de cada alumno o alumna, asesor\u00e1ndole en cuestiones acad\u00e9micas (organizaci\u00f3n del tiempo de estudio, distribuci\u00f3n del n\u00famero de cr\u00e9ditos, convocatorias de ex\u00e1menes, facilitar el acceso a los recursos, etc.). En definitiva, se trata de una actividad de seguimiento individualizado del aprendizaje de los y las estudiantes para lograr un mayor rendimiento acad\u00e9mico e integraci\u00f3n en la vida universitaria. V\u00e9ase el apartado del <a href=\"https:\/\/especialistamasculinidades.umh.es\/files\/2023\/06\/CRONOGRAMA-2023-24.pdf\" target=\"_blank\" rel=\"noopener\">CRONOGRAMA<\/a> detallado del curso.<\/p><ol start=\"10\"><li><h5><strong>Sobre la evaluaci\u00f3n<\/strong><\/h5><\/li><\/ol><p><strong>\u00bfC\u00f3mo se me evaluar\u00e1?<\/strong><\/p><p>A.- Evaluaci\u00f3n de las asignaturas n\u00ba 1 a la n\u00ba 9:<\/p><p>La evaluaci\u00f3n del 100% de las 9 primeras asignaturas (obligatorias y de 3 ECTS cada una) se realizar\u00e1 a trav\u00e9s de la entrega por parte del alumnado de un trabajo de m\u00e1ximo 10 p\u00e1ginas cr\u00edtico personal y comentado de los materiales y contenidos del curso, por cada asignatura.<\/p><p>El trabajo ha de estar en formato Word a interlineado 1,5 y fuente Arial 12 y ha de contener, al menos, los siguientes apartados: introducci\u00f3n, conclusi\u00f3n, bibliograf\u00eda usada debidamente referenciada, adem\u00e1s de los ep\u00edgrafes que se consideren oportunos. Se valorar\u00e1 de modo especial el correcto referenciado bibliogr\u00e1fico, el uso de citas de autores\/as, la reflexi\u00f3n personal de lo expuesto, la asimilaci\u00f3n cr\u00edtica y la comprensi\u00f3n de los contenidos y la redacci\u00f3n del trabajo con un uso del lenguaje cient\u00edfico no sexista. Se evitar\u00e1 el plagio de otros textos y\/o de internet. La misma modalidad de evaluaci\u00f3n ser\u00e1 para la convocatoria ordinaria o extraordinaria.<\/p><p>B.- Evaluaci\u00f3n de la asignatura n\u00ba 10:<\/p><p>La evaluaci\u00f3n del 100% de esta asignatura de TRABAJO DE FIN DE T\u00cdTULO se realizar\u00e1 a trav\u00e9s de la entrega por parte del alumnado de un trabajo de m\u00e1ximo 30 p\u00e1ginas sobre un tema acordado en el mes de marzo con la profesora coordinadora, Anastasia T\u00e9llez Infantes.<\/p><p>El trabajo ha de estar en formato Word a interlineado 1,5 y fuente Arial 12 y ha de contener, al menos, los siguientes apartados: introducci\u00f3n, conclusi\u00f3n, bibliograf\u00eda usada debidamente referenciada, adem\u00e1s de los ep\u00edgrafes que se consideren oportunos. Se valorar\u00e1 de modo especial el correcto referenciado bibliogr\u00e1fico, el uso de citas de autores\/as, la reflexi\u00f3n personal de lo expuesto, la asimilaci\u00f3n cr\u00edtica y la comprensi\u00f3n de los contenidos y la redacci\u00f3n del trabajo con un uso del lenguaje cient\u00edfico no sexista. Se evitar\u00e1 el plagio de otros textos y\/o de internet. La misma modalidad de evaluaci\u00f3n ser\u00e1 para la convocatoria ordinaria o extraordinaria.<\/p><p><strong>\u00bfCu\u00e1ntas posibilidades de convocatoria tengo?<\/strong><\/p><p>Durante el curso acad\u00e9mico en el que ser\u00e1n impartidos los 9 meses que durar\u00e1 el t\u00edtulo de especialista, tendr\u00e1s dos convocatorias para superar todas las asignaturas: la convocatoria ordinaria en el mes de junio y la convocatoria extraordinaria en el mes de septiembre.<\/p><p>[\/et_pb_text][\/et_pb_column][\/et_pb_row][\/et_pb_section]<\/p>","_et_gb_content_width":"","ngg_post_thumbnail":0,"_links_to":"","_links_to_target":""},"_links":{"self":[{"href":"https:\/\/especialistamasculinidades.umh.es\/ca\/wp-json\/wp\/v2\/pages\/2411"}],"collection":[{"href":"https:\/\/especialistamasculinidades.umh.es\/ca\/wp-json\/wp\/v2\/pages"}],"about":[{"href":"https:\/\/especialistamasculinidades.umh.es\/ca\/wp-json\/wp\/v2\/types\/page"}],"author":[{"embeddable":true,"href":"https:\/\/especialistamasculinidades.umh.es\/ca\/wp-json\/wp\/v2\/users\/23459"}],"replies":[{"embeddable":true,"href":"https:\/\/especialistamasculinidades.umh.es\/ca\/wp-json\/wp\/v2\/comments?post=2411"}],"version-history":[{"count":0,"href":"https:\/\/especialistamasculinidades.umh.es\/ca\/wp-json\/wp\/v2\/pages\/2411\/revisions"}],"wp:attachment":[{"href":"https:\/\/especialistamasculinidades.umh.es\/ca\/wp-json\/wp\/v2\/media?parent=2411"}],"curies":[{"name":"wp","href":"https:\/\/api.w.org\/{rel}","templated":true}]}}