{"id":2408,"date":"2023-07-10T09:07:27","date_gmt":"2023-07-10T09:07:27","guid":{"rendered":"https:\/\/especialistamasculinidades.umh.es\/?page_id=2408"},"modified":"2023-07-10T09:07:34","modified_gmt":"2023-07-10T09:07:34","slug":"contacte","status":"publish","type":"page","link":"https:\/\/especialistamasculinidades.umh.es\/ca\/contacte\/","title":{"rendered":"Contacte"},"content":{"rendered":"<p>[et_pb_section fb_built=&#8221;1&#8243; admin_label=&#8221;section&#8221; _builder_version=&#8221;4.16&#8243; global_colors_info=&#8221;{}&#8221;][et_pb_row admin_label=&#8221;row&#8221; _builder_version=&#8221;4.16&#8243; background_size=&#8221;initial&#8221; background_position=&#8221;top_left&#8221; background_repeat=&#8221;repeat&#8221; global_colors_info=&#8221;{}&#8221;][et_pb_column type=&#8221;4_4&#8243; _builder_version=&#8221;4.16&#8243; custom_padding=&#8221;|||&#8221; global_colors_info=&#8221;{}&#8221; custom_padding__hover=&#8221;|||&#8221;][et_pb_text admin_label=&#8221;Text&#8221; _builder_version=&#8221;4.16&#8243; background_size=&#8221;initial&#8221; background_position=&#8221;top_left&#8221; background_repeat=&#8221;repeat&#8221; hover_enabled=&#8221;0&#8243; use_border_color=&#8221;off&#8221; border_color=&#8221;#ffffff&#8221; border_style=&#8221;solid&#8221; global_colors_info=&#8221;{}&#8221; sticky_enabled=&#8221;0&#8243;]<\/p>\n<h1 style=\"color: #9a2127;\">Contacte<\/h1>\n<table>\n<tbody>\n<tr>\n<td><a href=\"http:\/\/especialistamasculinidades.umh.es\/files\/2020\/06\/1.png\"><img loading=\"lazy\" class=\"alignnone size-full wp-image-894\" src=\"http:\/\/especialistamasculinidades.umh.es\/files\/2020\/06\/1.png\" alt=\"1\" width=\"130\" height=\"140\" \/><\/a><\/td>\n<td>\n<p style=\"font-weight: 400;\">Direcci\u00f3:<\/p>\n<p style=\"font-weight: 400;\">Dra. Anastasia T\u00e9llez Infantes<\/p>\n<p style=\"font-weight: 400;\">\u00c0rea d&#8217;Antropologia Social<\/p>\n<p style=\"font-weight: 400;\">Departament de Ci\u00e8ncies Socials i Humanes<\/p>\n<p style=\"font-weight: 400;\">Edifici Torreblanca. Avda. de l&#8217;Universitat, s\/n 03202 Elx (Alacant) Espanya<\/p>\n<p style=\"font-weight: 400;\">E-mail: <a href=\"mailto:esp.masculinidades@umh.es\">esp.masculinidades@umh.es<\/a><\/p>\n<\/td>\n<\/tr>\n<tr>\n<td><a href=\"http:\/\/especialistamasculinidades.umh.es\/files\/2021\/05\/Mar_Macia_Diaz.jpg\"><img loading=\"lazy\" class=\"alignnone wp-image-1150 \" src=\"http:\/\/especialistamasculinidades.umh.es\/files\/2021\/05\/Mar_Macia_Diaz-264x300.jpg\" alt=\"\" width=\"132\" height=\"150\" srcset=\"https:\/\/especialistamasculinidades.umh.es\/files\/2021\/05\/Mar_Macia_Diaz-264x300.jpg 264w, https:\/\/especialistamasculinidades.umh.es\/files\/2021\/05\/Mar_Macia_Diaz-900x1024.jpg 900w, https:\/\/especialistamasculinidades.umh.es\/files\/2021\/05\/Mar_Macia_Diaz.jpg 953w\" sizes=\"(max-width: 132px) 100vw, 132px\" \/><\/a><\/td>\n<td>Secretaria:<\/p>\n<p style=\"font-weight: 400;\">D\u00aa Mar Maci\u00e1 D\u00edaz<\/p>\n<p style=\"font-weight: 400;\">Edifici d&#8217;Altabix.<\/p>\n<p style=\"font-weight: 400;\">Avda. de l&#8217;Universitat, s\/n 03202 Elx\u00a0(Alacant) Espanya<\/p>\n<p style=\"font-weight: 400;\">E-mail: <a href=\"mailto:esp.masculinidades2@umh.es\">esp.masculinidades2@umh.es<\/a><\/p>\n<p style=\"font-weight: 400;\">Tel\u00e8fon: +34 965 222 431 Ext. 2431<\/p>\n<\/td>\n<\/tr>\n<\/tbody>\n<\/table>\n<p>[\/et_pb_text][\/et_pb_column][\/et_pb_row][\/et_pb_section]<\/p>\n","protected":false},"excerpt":{"rendered":"<p>Contacte Direcci\u00f3: Dra. Anastasia T\u00e9llez Infantes \u00c0rea d&#8217;Antropologia Social Departament de Ci\u00e8ncies Socials i Humanes Edifici Torreblanca. Avda. de l&#8217;Universitat, s\/n 03202 Elx (Alacant) Espanya E-mail: esp.masculinidades@umh.es Secretaria: D\u00aa Mar Maci\u00e1 D\u00edaz Edifici d&#8217;Altabix. Avda. de l&#8217;Universitat, s\/n 03202 Elx\u00a0(Alacant) Espanya E-mail: esp.masculinidades2@umh.es Tel\u00e8fon: +34 965 222 431 Ext. 2431<\/p>\n","protected":false},"author":23459,"featured_media":0,"parent":0,"menu_order":0,"comment_status":"open","ping_status":"open","template":"","meta":{"_et_pb_use_builder":"on","_et_pb_old_content":"<p>[et_pb_section fb_built=\"1\" admin_label=\"section\" _builder_version=\"4.16\" global_colors_info=\"{}\"][et_pb_row admin_label=\"row\" _builder_version=\"4.16\" background_size=\"initial\" background_position=\"top_left\" background_repeat=\"repeat\" global_colors_info=\"{}\"][et_pb_column type=\"4_4\" _builder_version=\"4.16\" custom_padding=\"|||\" global_colors_info=\"{}\" custom_padding__hover=\"|||\"][et_pb_text admin_label=\"Texto\" _builder_version=\"4.16\" background_size=\"initial\" background_position=\"top_left\" background_repeat=\"repeat\" use_border_color=\"off\" border_color=\"#ffffff\" border_style=\"solid\" global_colors_info=\"{}\"]<\/p><h1 style=\"color: #9a2127;\">Contacto<\/h1><p><strong>\u00a0<\/strong><\/p><table><tbody><tr><td><a href=\"http:\/\/especialistamasculinidades.umh.es\/files\/2020\/06\/1.png\"><img class=\"alignnone size-full wp-image-894\" src=\"http:\/\/especialistamasculinidades.umh.es\/files\/2020\/06\/1.png\" alt=\"1\" width=\"130\" height=\"140\" \/><\/a><\/td><td><p style=\"font-weight: 400;\">Direcci\u00f3n:<\/p><p style=\"font-weight: 400;\">Dra. Anastasia T\u00e9llez Infantes<\/p><p style=\"font-weight: 400;\">\u00c1rea de Antropolog\u00eda Social<\/p><p style=\"font-weight: 400;\">Departamento de Ciencias Sociales y Humanas<\/p><p style=\"font-weight: 400;\">Edificio de Torreblanca.\u00a0Avda. de la Universidad, s\/n 03202 Elche (Alicante) Espa\u00f1a<\/p><p style=\"font-weight: 400;\">E-mail:\u00a0<a href=\"mailto:esp.masculinidades@umh.es\">esp.masculinidades@umh.es<\/a><\/p><\/td><\/tr><tr><td><a href=\"http:\/\/especialistamasculinidades.umh.es\/files\/2021\/05\/Mar_Macia_Diaz.jpg\"><img class=\"alignnone wp-image-1150 \" src=\"http:\/\/especialistamasculinidades.umh.es\/files\/2021\/05\/Mar_Macia_Diaz-264x300.jpg\" alt=\"\" width=\"132\" height=\"150\" \/><\/a><\/td><td>Secretar\u00eda:<p style=\"font-weight: 400;\">D\u00aa Mar Maci\u00e1 D\u00edaz<\/p><p style=\"font-weight: 400;\">Edificio de Altabix.<\/p><p style=\"font-weight: 400;\">Avda. de la Universidad, s\/n 03202 Elche (Alicante) Espa\u00f1a<\/p><p style=\"font-weight: 400;\">E-mail:\u00a0<a href=\"mailto:esp.masculinidades2@umh.es\">esp.masculinidades2@umh.es<\/a><\/p><p style=\"font-weight: 400;\">Tel\u00e9fono:\u00a0\u00a0+34 965 222 431\u00a0\u00a0 Ext. 2431<\/p><\/td><\/tr><\/tbody><\/table><p>[\/et_pb_text][\/et_pb_column][\/et_pb_row][\/et_pb_section][et_pb_section fb_built=\"1\" admin_label=\"section\" _builder_version=\"4.16\" global_colors_info=\"{}\"][et_pb_row admin_label=\"row\" _builder_version=\"4.16\" background_size=\"initial\" background_position=\"top_left\" background_repeat=\"repeat\" global_colors_info=\"{}\"][et_pb_column type=\"4_4\" _builder_version=\"4.16\" custom_padding=\"|||\" global_colors_info=\"{}\" custom_padding__hover=\"|||\"][et_pb_text admin_label=\"Text\" _builder_version=\"4.16\" background_size=\"initial\" background_position=\"top_left\" background_repeat=\"repeat\" use_border_color=\"off\" border_color=\"#ffffff\" border_style=\"solid\" global_colors_info=\"{}\"]<\/p><h1 style=\"color: #9a2127;\">Contacte<\/h1><table><tbody><tr><td><a href=\"http:\/\/especialistamasculinidades.umh.es\/files\/2020\/06\/1.png\"><img class=\"alignnone size-full wp-image-894\" src=\"http:\/\/especialistamasculinidades.umh.es\/files\/2020\/06\/1.png\" alt=\"1\" width=\"130\" height=\"140\" \/><\/a><\/td><td><p style=\"font-weight: 400;\">Direcci\u00f3:<\/p><p style=\"font-weight: 400;\">Dra. Anastasia T\u00e9llez Infantes<\/p><p style=\"font-weight: 400;\">\u00c0rea d'Antropologia Social<\/p><p style=\"font-weight: 400;\">Departament de Ci\u00e8ncies Socials i Humanes<\/p><p style=\"font-weight: 400;\">Edifici Torreblanca. Avda. de l'Universitat, s\/n 03202 Elx (Alacant) Espanya<\/p><p style=\"font-weight: 400;\">E-mail: <a href=\"mailto:esp.masculinidades@umh.es\">esp.masculinidades@umh.es<\/a><\/p><\/td><\/tr><tr><td><a href=\"http:\/\/especialistamasculinidades.umh.es\/files\/2021\/05\/Mar_Macia_Diaz.jpg\"><img class=\"alignnone wp-image-1150 \" src=\"http:\/\/especialistamasculinidades.umh.es\/files\/2021\/05\/Mar_Macia_Diaz-264x300.jpg\" alt=\"\" width=\"132\" height=\"150\" \/><\/a><\/td><td>Secretaria:<p style=\"font-weight: 400;\">D\u00aa Mar Maci\u00e1 D\u00edaz<\/p><p style=\"font-weight: 400;\">Edifici d'Altabix.<\/p><p style=\"font-weight: 400;\">Avda. de l'Universitat, s\/n 03202 Elx\u00a0(Alacant) Espanya<\/p><p style=\"font-weight: 400;\">E-mail: <a href=\"mailto:esp.masculinidades2@umh.es\">esp.masculinidades2@umh.es<\/a><\/p><p style=\"font-weight: 400;\">Tel\u00e8fon: +34 965 222 431 Ext. 2431<\/p><\/td><\/tr><\/tbody><\/table><p>[\/et_pb_text][\/et_pb_column][\/et_pb_row][\/et_pb_section]<\/p>","_et_gb_content_width":"","ngg_post_thumbnail":0,"_links_to":"","_links_to_target":""},"_links":{"self":[{"href":"https:\/\/especialistamasculinidades.umh.es\/ca\/wp-json\/wp\/v2\/pages\/2408"}],"collection":[{"href":"https:\/\/especialistamasculinidades.umh.es\/ca\/wp-json\/wp\/v2\/pages"}],"about":[{"href":"https:\/\/especialistamasculinidades.umh.es\/ca\/wp-json\/wp\/v2\/types\/page"}],"author":[{"embeddable":true,"href":"https:\/\/especialistamasculinidades.umh.es\/ca\/wp-json\/wp\/v2\/users\/23459"}],"replies":[{"embeddable":true,"href":"https:\/\/especialistamasculinidades.umh.es\/ca\/wp-json\/wp\/v2\/comments?post=2408"}],"version-history":[{"count":0,"href":"https:\/\/especialistamasculinidades.umh.es\/ca\/wp-json\/wp\/v2\/pages\/2408\/revisions"}],"wp:attachment":[{"href":"https:\/\/especialistamasculinidades.umh.es\/ca\/wp-json\/wp\/v2\/media?parent=2408"}],"curies":[{"name":"wp","href":"https:\/\/api.w.org\/{rel}","templated":true}]}}