{"id":2405,"date":"2020-06-05T09:11:33","date_gmt":"2020-06-05T09:11:33","guid":{"rendered":"https:\/\/especialistamasculinidades.umh.es\/?page_id=2405"},"modified":"2024-09-23T12:54:56","modified_gmt":"2024-09-23T12:54:56","slug":"profesorado","status":"publish","type":"page","link":"https:\/\/especialistamasculinidades.umh.es\/ca\/profesorado\/","title":{"rendered":"Profesorado"},"content":{"rendered":"<p>[et_pb_section fb_built=&#8221;1&#8243; custom_padding_last_edited=&#8221;on|desktop&#8221; admin_label=&#8221;section&#8221; module_id=&#8221;Professorat&#8221; _builder_version=&#8221;4.16&#8243; custom_padding_tablet=&#8221;50px|0|50px|0&#8243; custom_padding_phone=&#8221;50px|0|50px|0&#8243; transparent_background=&#8221;off&#8221; padding_mobile=&#8221;off&#8221; make_fullwidth=&#8221;off&#8221; use_custom_width=&#8221;off&#8221; width_unit=&#8221;on&#8221; global_colors_info=&#8221;{}&#8221;][et_pb_row admin_label=&#8221;row&#8221; _builder_version=&#8221;4.16&#8243; background_size=&#8221;initial&#8221; background_position=&#8221;top_left&#8221; background_repeat=&#8221;repeat&#8221; global_colors_info=&#8221;{}&#8221;][et_pb_column type=&#8221;4_4&#8243; _builder_version=&#8221;4.16&#8243; custom_padding=&#8221;|||&#8221; global_colors_info=&#8221;{}&#8221; custom_padding__hover=&#8221;|||&#8221;][et_pb_text admin_label=&#8221;Texto&#8221; _builder_version=&#8221;4.16&#8243; background_size=&#8221;initial&#8221; background_position=&#8221;top_left&#8221; background_repeat=&#8221;repeat&#8221; use_border_color=&#8221;off&#8221; border_color=&#8221;#ffffff&#8221; border_style=&#8221;solid&#8221; global_colors_info=&#8221;{}&#8221;]<\/p>\n<h1 style=\"color: #9a2127;\">Professorat<\/h1>\n<p>[\/et_pb_text][\/et_pb_column][\/et_pb_row][et_pb_row column_structure=&#8221;1_3,1_3,1_3&#8243; padding_mobile=&#8221;off&#8221; make_equal=&#8221;on&#8221; column_padding_mobile=&#8221;on&#8221; admin_label=&#8221;row&#8221; module_class=&#8221;padding-b0&#8243; _builder_version=&#8221;4.16&#8243; background_size=&#8221;initial&#8221; background_position=&#8221;top_left&#8221; background_repeat=&#8221;repeat&#8221; make_fullwidth=&#8221;off&#8221; use_custom_width=&#8221;off&#8221; width_unit=&#8221;on&#8221; global_colors_info=&#8221;{}&#8221;][et_pb_column type=&#8221;1_3&#8243; _builder_version=&#8221;4.16&#8243; custom_padding=&#8221;|||&#8221; global_colors_info=&#8221;{}&#8221; custom_padding__hover=&#8221;|||&#8221;][et_pb_team_member name=&#8221;Anastasia T\u00e9llez Infantes&#8221; position=&#8221;Universidad Miguel Hern\u00e1ndez de Elche&#8221; image_url=&#8221;http:\/\/especialistamasculinidades.umh.es\/files\/2020\/06\/1.png&#8221; admin_label=&#8221;Profesor&#8221; module_class=&#8221;profesor&#8221; _builder_version=&#8221;4.17.4&#8243; header_font=&#8221;|on|||&#8221; header_font_size=&#8221;16&#8243; header_line_height=&#8221;1.5&#8243; background_size=&#8221;initial&#8221; background_position=&#8221;top_left&#8221; background_repeat=&#8221;repeat&#8221; use_border_color=&#8221;off&#8221; border_color=&#8221;#ffffff&#8221; border_style=&#8221;solid&#8221; global_colors_info=&#8221;{}&#8221;]<a href=\"https:\/\/umh.es\/contenido\/Universidad\/:persona_108446\/datos_es.html?marcaTxtBusc=anastasia%20tellez%20infantes\" target=\"_blank\" rel=\"noopener\"><img loading=\"lazy\" class=\"alignnone size-full wp-image-274\" src=\"http:\/\/especialistamasculinidades.umh.es\/files\/2019\/05\/favicon.png\" alt=\"favicon\" width=\"16\" height=\"16\" \/><\/a>\u00a0<a href=\"https:\/\/especialistamasculinidades.umh.es\/anastasia-tellez-infantes\/\" target=\"_blank\" rel=\"noopener\"><img loading=\"lazy\" class=\"alignnone size-full wp-image-1013\" src=\"http:\/\/especialistamasculinidades.umh.es\/files\/2020\/06\/biography_cv_job_recruitment_candidate_hr-512-e1591611585450.png\" alt=\"maletin\" width=\"25\" height=\"25\" \/><\/a><\/p>\n<p><!--href=\"http:\/\/especialistamasculinidades.umh.es\/?p=968\"><img class=\"alignnone size-full wp-image-1013\" -->[\/et_pb_team_member][et_pb_team_member name=&#8221;Carmen Ruiz Repullo&#8221; position=&#8221;Universidad de Granada y UNED&#8221; image_url=&#8221;https:\/\/especialistamasculinidades.umh.es\/files\/2020\/06\/c7468642-75af-49a2-b6ee-6d20a89f570a-e1610011132184-150&#215;150.png&#8221; admin_label=&#8221;Profesor&#8221; module_class=&#8221;profesor&#8221; _builder_version=&#8221;4.17.4&#8243; header_font=&#8221;|on|||&#8221; header_font_size=&#8221;16&#8243; header_line_height=&#8221;1.5&#8243; background_size=&#8221;initial&#8221; background_position=&#8221;top_left&#8221; background_repeat=&#8221;repeat&#8221; use_border_color=&#8221;off&#8221; border_color=&#8221;#ffffff&#8221; border_style=&#8221;solid&#8221; global_colors_info=&#8221;{}&#8221;]<a href=\"https:\/\/especialistamasculinidades.umh.es\/carmen-ruiz-repullo\/\" target=\"_blank\" rel=\"noopener\"><img loading=\"lazy\" class=\"alignnone size-full wp-image-1013\" src=\"http:\/\/especialistamasculinidades.umh.es\/files\/2020\/06\/biography_cv_job_recruitment_candidate_hr-512-e1591611585450.png\" alt=\"maletin\" width=\"25\" height=\"25\" \/><\/a>[\/et_pb_team_member][et_pb_team_member name=&#8221;Rosario Carmona Paredes&#8221; position=&#8221;Universidad Miguel Hern\u00e1ndez de Elche&#8221; image_url=&#8221;http:\/\/especialistamasculinidades.umh.es\/files\/2020\/06\/7.png&#8221; admin_label=&#8221;Profesor&#8221; module_class=&#8221;profesor&#8221; _builder_version=&#8221;4.17.4&#8243; header_font=&#8221;|on|||&#8221; header_font_size=&#8221;16&#8243; header_line_height=&#8221;1.5&#8243; background_size=&#8221;initial&#8221; background_position=&#8221;top_left&#8221; background_repeat=&#8221;repeat&#8221; use_border_color=&#8221;off&#8221; border_color=&#8221;#ffffff&#8221; border_style=&#8221;solid&#8221; global_colors_info=&#8221;{}&#8221;]<a href=\"https:\/\/umh.es\/contenido\/Universidad\/:persona_142315\/datos_es.html?marcaTxtBusc=rosario%20carmona%20paredes\" target=\"_blank\" rel=\"noopener\"><img loading=\"lazy\" class=\"alignnone size-full wp-image-274\" src=\"http:\/\/especialistamasculinidades.umh.es\/files\/2019\/05\/favicon.png\" alt=\"favicon\" width=\"16\" height=\"16\" \/><\/a>\u00a0<a href=\"https:\/\/especialistamasculinidades.umh.es\/rosario-carmona-paredes\/\" target=\"_blank\" rel=\"noopener\"><img loading=\"lazy\" class=\"alignnone size-full wp-image-1013\" src=\"http:\/\/especialistamasculinidades.umh.es\/files\/2020\/06\/biography_cv_job_recruitment_candidate_hr-512-e1591611585450.png\" alt=\"maletin\" width=\"25\" height=\"25\" \/><\/a>[\/et_pb_team_member][et_pb_team_member name=&#8221;Juan Jos\u00e9 Tamayo Acosta&#8221; position=&#8221;Universidad Carlos III de Madrid&#8221; image_url=&#8221;http:\/\/especialistamasculinidades.umh.es\/files\/2020\/06\/17.png&#8221; admin_label=&#8221;Profesor&#8221; module_class=&#8221;profesor&#8221; _builder_version=&#8221;4.17.4&#8243; header_font=&#8221;|on|||&#8221; header_font_size=&#8221;16&#8243; header_line_height=&#8221;1.5&#8243; background_size=&#8221;initial&#8221; background_position=&#8221;top_left&#8221; background_repeat=&#8221;repeat&#8221; use_border_color=&#8221;off&#8221; border_color=&#8221;#ffffff&#8221; border_style=&#8221;solid&#8221; global_colors_info=&#8221;{}&#8221;]<a href=\"https:\/\/especialistamasculinidades.umh.es\/juan-jose-tamayo-acosta\/\" target=\"_blank\" rel=\"noopener\"><img loading=\"lazy\" class=\"alignnone size-full wp-image-1013\" src=\"http:\/\/especialistamasculinidades.umh.es\/files\/2020\/06\/biography_cv_job_recruitment_candidate_hr-512-e1591611585450.png\" alt=\"maletin\" width=\"25\" height=\"25\" \/><\/a>[\/et_pb_team_member][et_pb_team_member name=&#8221;Jos\u00e9 Pablo Cu\u00e9llar Ot\u00f3n&#8221; position=&#8221;Universidad de Alicante&#8221; image_url=&#8221;http:\/\/especialistamasculinidades.umh.es\/files\/2020\/06\/16-e1591349589314.png&#8221; admin_label=&#8221;Profesor&#8221; module_class=&#8221;profesor&#8221; _builder_version=&#8221;4.17.4&#8243; header_font=&#8221;|on|||&#8221; header_font_size=&#8221;16&#8243; header_line_height=&#8221;1.5&#8243; background_size=&#8221;initial&#8221; background_position=&#8221;top_left&#8221; background_repeat=&#8221;repeat&#8221; use_border_color=&#8221;off&#8221; border_color=&#8221;#ffffff&#8221; border_style=&#8221;solid&#8221; global_colors_info=&#8221;{}&#8221;]<a href=\"https:\/\/especialistamasculinidades.umh.es\/jose-pablo-cuellar-oton\/\" target=\"_blank\" rel=\"noopener\"><img loading=\"lazy\" class=\"alignnone size-full wp-image-1013\" src=\"http:\/\/especialistamasculinidades.umh.es\/files\/2020\/06\/biography_cv_job_recruitment_candidate_hr-512-e1591611585450.png\" alt=\"maletin\" width=\"25\" height=\"25\" \/><\/a>[\/et_pb_team_member][et_pb_team_member name=&#8221;Javier Eloy Mart\u00ednez Guirao&#8221; position=&#8221;Universidad de Murcia&#8221; image_url=&#8221;http:\/\/especialistamasculinidades.umh.es\/files\/2020\/06\/10.png&#8221; admin_label=&#8221;Profesor&#8221; module_class=&#8221;profesor&#8221; _builder_version=&#8221;4.17.4&#8243; header_font=&#8221;|on|||&#8221; header_font_size=&#8221;16&#8243; header_line_height=&#8221;1.5&#8243; background_size=&#8221;initial&#8221; background_position=&#8221;top_left&#8221; background_repeat=&#8221;repeat&#8221; use_border_color=&#8221;off&#8221; border_color=&#8221;#ffffff&#8221; border_style=&#8221;solid&#8221; global_colors_info=&#8221;{}&#8221;]<a href=\"https:\/\/especialistamasculinidades.umh.es\/javier-eloy-martinez-guirao\/\" target=\"_blank\" rel=\"noopener\"><img loading=\"lazy\" class=\"alignnone size-full wp-image-1013\" src=\"http:\/\/especialistamasculinidades.umh.es\/files\/2020\/06\/biography_cv_job_recruitment_candidate_hr-512-e1591611585450.png\" alt=\"maletin\" width=\"25\" height=\"25\" \/><\/a>[\/et_pb_team_member][et_pb_team_member name=&#8221;Iv\u00e1n Sambade Baquer\u00edn&#8221; position=&#8221;Universidad de Valladolid&#8221; image_url=&#8221;http:\/\/especialistamasculinidades.umh.es\/files\/2020\/06\/13-e1591349635218.png&#8221; admin_label=&#8221;Profesor&#8221; module_class=&#8221;profesor&#8221; _builder_version=&#8221;4.17.4&#8243; header_font=&#8221;|on|||&#8221; header_font_size=&#8221;16&#8243; header_line_height=&#8221;1.5&#8243; background_size=&#8221;initial&#8221; background_position=&#8221;top_left&#8221; background_repeat=&#8221;repeat&#8221; use_border_color=&#8221;off&#8221; border_color=&#8221;#ffffff&#8221; border_style=&#8221;solid&#8221; global_colors_info=&#8221;{}&#8221;]<a href=\"https:\/\/especialistamasculinidades.umh.es\/ivan-sambade-baquerin\/\" target=\"_blank\" rel=\"noopener\"><img loading=\"lazy\" class=\"alignnone size-full wp-image-1013\" src=\"http:\/\/especialistamasculinidades.umh.es\/files\/2020\/06\/biography_cv_job_recruitment_candidate_hr-512-e1591611585450.png\" alt=\"maletin\" width=\"25\" height=\"25\" \/><\/a>[\/et_pb_team_member][et_pb_team_member name=&#8221;Mauricio Zabalgoitia Herrera&#8221; position=&#8221;Seminario Permanente sobre Masculinidades y Educaci\u00f3n (SeMascU) IISUE-UNAM (M\u00e9xico)&#8221; image_url=&#8221;https:\/\/especialistamasculinidades.umh.es\/files\/2023\/07\/Maurico-Zabalgoitia-300&#215;300-1-150&#215;150.png&#8221; admin_label=&#8221;Profesor&#8221; module_class=&#8221;profesor&#8221; _builder_version=&#8221;4.17.4&#8243; header_font=&#8221;|on|||&#8221; header_font_size=&#8221;16&#8243; header_line_height=&#8221;1.5&#8243; background_size=&#8221;initial&#8221; background_position=&#8221;top_left&#8221; background_repeat=&#8221;repeat&#8221; use_border_color=&#8221;off&#8221; border_color=&#8221;#ffffff&#8221; border_style=&#8221;solid&#8221; global_colors_info=&#8221;{}&#8221;]<a href=\"https:\/\/especialistamasculinidades.umh.es\/mauricio-zabalgoitia\/\" target=\"_blank\" rel=\"noopener\"><img loading=\"lazy\" class=\"alignnone size-full wp-image-1013\" src=\"http:\/\/especialistamasculinidades.umh.es\/files\/2020\/06\/biography_cv_job_recruitment_candidate_hr-512-e1591611585450.png\" alt=\"maletin\" width=\"25\" height=\"25\" \/><\/a>[\/et_pb_team_member][\/et_pb_column][et_pb_column type=&#8221;1_3&#8243; _builder_version=&#8221;4.16&#8243; custom_padding=&#8221;|||&#8221; global_colors_info=&#8221;{}&#8221; custom_padding__hover=&#8221;|||&#8221;][et_pb_team_member name=&#8221;M\u00aa Jes\u00fas Navarro R\u00edos&#8221; position=&#8221;Universidad Miguel Hern\u00e1ndez de Elche&#8221; image_url=&#8221;https:\/\/especialistamasculinidades.umh.es\/files\/2020\/06\/4-150&#215;150.png&#8221; admin_label=&#8221;Profesor&#8221; module_class=&#8221;profesor&#8221; _builder_version=&#8221;4.17.4&#8243; header_font=&#8221;|on|||&#8221; header_font_size=&#8221;16&#8243; header_line_height=&#8221;1.5&#8243; background_size=&#8221;initial&#8221; background_position=&#8221;top_left&#8221; background_repeat=&#8221;repeat&#8221; use_border_color=&#8221;off&#8221; border_color=&#8221;#ffffff&#8221; border_style=&#8221;solid&#8221; global_colors_info=&#8221;{}&#8221;]<a href=\"https:\/\/umh.es\/contenido\/Universidad\/:persona_5050\/datos_es.html?marcaTxtBusc=maria%20jesus%20navarro%20rios\" target=\"_blank\" rel=\"noopener\"><img loading=\"lazy\" class=\"alignnone size-full wp-image-274\" src=\"http:\/\/especialistamasculinidades.umh.es\/files\/2019\/05\/favicon.png\" alt=\"favicon\" width=\"16\" height=\"16\" \/><\/a> <a href=\"https:\/\/especialistamasculinidades.umh.es\/maria-jesus-navarro-rios\/\" target=\"_blank\" rel=\"noopener\"><img loading=\"lazy\" class=\"alignnone size-full wp-image-1013\" src=\"http:\/\/especialistamasculinidades.umh.es\/files\/2020\/06\/biography_cv_job_recruitment_candidate_hr-512-e1591611585450.png\" alt=\"maletin\" width=\"25\" height=\"25\" \/><\/a>[\/et_pb_team_member][et_pb_team_member name=&#8221;Benno George Alvaro de Keijzer Fokker&#8221; position=&#8221;Universidad Veracruzana (M\u00e9xico)&#8221; image_url=&#8221;http:\/\/especialistamasculinidades.umh.es\/files\/2020\/06\/21-e1591349156908.png&#8221; admin_label=&#8221;Profesor&#8221; module_class=&#8221;profesor&#8221; _builder_version=&#8221;4.17.4&#8243; header_font=&#8221;|on|||&#8221; header_font_size=&#8221;16&#8243; header_line_height=&#8221;1.5&#8243; background_size=&#8221;initial&#8221; background_position=&#8221;top_left&#8221; background_repeat=&#8221;repeat&#8221; use_border_color=&#8221;off&#8221; border_color=&#8221;#ffffff&#8221; border_style=&#8221;solid&#8221; global_colors_info=&#8221;{}&#8221;]<a href=\"https:\/\/especialistamasculinidades.umh.es\/benno-george-alvaro-de-keijzer-fokker\/\" target=\"_blank\" rel=\"noopener\"><img loading=\"lazy\" class=\"alignnone size-full wp-image-1013\" src=\"http:\/\/especialistamasculinidades.umh.es\/files\/2020\/06\/biography_cv_job_recruitment_candidate_hr-512-e1591611585450.png\" alt=\"maletin\" width=\"25\" height=\"25\" \/><\/a>[\/et_pb_team_member][et_pb_team_member name=&#8221;Octavio Salazar Ben\u00edtez&#8221; position=&#8221;Universidad de C\u00f3rdoba&#8221; image_url=&#8221;http:\/\/especialistamasculinidades.umh.es\/files\/2020\/06\/6.png&#8221; admin_label=&#8221;Profesor&#8221; module_class=&#8221;profesor&#8221; _builder_version=&#8221;4.17.4&#8243; header_font=&#8221;|on|||&#8221; header_font_size=&#8221;16&#8243; header_line_height=&#8221;1.5&#8243; background_size=&#8221;initial&#8221; background_position=&#8221;top_left&#8221; background_repeat=&#8221;repeat&#8221; use_border_color=&#8221;off&#8221; border_color=&#8221;#ffffff&#8221; border_style=&#8221;solid&#8221; global_colors_info=&#8221;{}&#8221;]<a href=\"https:\/\/especialistamasculinidades.umh.es\/octavio-salazar-benitez\/\" target=\"_blank\" rel=\"noopener\"><img loading=\"lazy\" class=\"alignnone size-full wp-image-1013\" src=\"http:\/\/especialistamasculinidades.umh.es\/files\/2020\/06\/biography_cv_job_recruitment_candidate_hr-512-e1591611585450.png\" alt=\"maletin\" width=\"25\" height=\"25\" \/><\/a>[\/et_pb_team_member][et_pb_team_member name=&#8221;Mar\u00eda Alejandra Salguero Vel\u00e1zquez&#8221; position=&#8221;Universidad Nacional Aut\u00f3noma de M\u00e9xico&#8221; image_url=&#8221;https:\/\/especialistamasculinidades.umh.es\/files\/2020\/06\/Foto-Dra.-Alejandra-Salguero-e1591696286219-150&#215;150.jpg&#8221; admin_label=&#8221;Profesor&#8221; module_class=&#8221;profesor&#8221; _builder_version=&#8221;4.17.4&#8243; header_font=&#8221;|on|||&#8221; header_font_size=&#8221;16&#8243; header_line_height=&#8221;1.5&#8243; background_size=&#8221;initial&#8221; background_position=&#8221;top_left&#8221; background_repeat=&#8221;repeat&#8221; use_border_color=&#8221;off&#8221; border_color=&#8221;#ffffff&#8221; border_style=&#8221;solid&#8221; global_colors_info=&#8221;{}&#8221;]<a href=\"https:\/\/especialistamasculinidades.umh.es\/maria-alejandra-salguero-velazquez\/\" target=\"_blank\" rel=\"noopener\"><img loading=\"lazy\" class=\"alignnone size-full wp-image-1013\" src=\"http:\/\/especialistamasculinidades.umh.es\/files\/2020\/06\/biography_cv_job_recruitment_candidate_hr-512-e1591611585450.png\" alt=\"maletin\" width=\"25\" height=\"25\" \/><\/a>[\/et_pb_team_member][et_pb_team_member name=&#8221;Jorge Cascales Ribera&#8221; position=&#8221;Universidad de Valencia&#8221; image_url=&#8221;http:\/\/especialistamasculinidades.umh.es\/files\/2020\/06\/14.png&#8221; admin_label=&#8221;Profesor&#8221; module_class=&#8221;profesor&#8221; _builder_version=&#8221;4.17.4&#8243; header_font=&#8221;|on|||&#8221; header_font_size=&#8221;16&#8243; header_line_height=&#8221;1.5&#8243; background_size=&#8221;initial&#8221; background_position=&#8221;top_left&#8221; background_repeat=&#8221;repeat&#8221; use_border_color=&#8221;off&#8221; border_color=&#8221;#ffffff&#8221; border_style=&#8221;solid&#8221; global_colors_info=&#8221;{}&#8221;]<a href=\"https:\/\/especialistamasculinidades.umh.es\/jorge-cascales-ribera\/\" target=\"_blank\" rel=\"noopener\"><img loading=\"lazy\" class=\"alignnone size-full wp-image-1013\" src=\"http:\/\/especialistamasculinidades.umh.es\/files\/2020\/06\/biography_cv_job_recruitment_candidate_hr-512-e1591611585450.png\" alt=\"maletin\" width=\"25\" height=\"25\" \/><\/a>[\/et_pb_team_member][et_pb_team_member name=&#8221;Beatriz Ranea Trivi\u00f1o&#8221; position=&#8221;Universidad Complutense de Madrid&#8221; image_url=&#8221;https:\/\/especialistamasculinidades.umh.es\/files\/2020\/06\/B.Ranea-color-150&#215;150.jpg&#8221; admin_label=&#8221;Profesor&#8221; module_class=&#8221;profesor&#8221; _builder_version=&#8221;4.17.4&#8243; header_font=&#8221;|on|||&#8221; header_font_size=&#8221;16&#8243; header_line_height=&#8221;1.5&#8243; background_size=&#8221;initial&#8221; background_position=&#8221;top_left&#8221; background_repeat=&#8221;repeat&#8221; use_border_color=&#8221;off&#8221; border_color=&#8221;#ffffff&#8221; border_style=&#8221;solid&#8221; global_colors_info=&#8221;{}&#8221;]<a href=\"https:\/\/especialistamasculinidades.umh.es\/beatriz-ranea-trivino\/\" target=\"_blank\" rel=\"noopener\"><img loading=\"lazy\" class=\"alignnone size-full wp-image-1013\" src=\"http:\/\/especialistamasculinidades.umh.es\/files\/2020\/06\/biography_cv_job_recruitment_candidate_hr-512-e1591611585450.png\" alt=\"maletin\" width=\"25\" height=\"25\" \/><\/a>[\/et_pb_team_member][et_pb_team_member name=&#8221;Ander Bergara Sautua&#8221; position=&#8221;Emakunde &#8211; Instituto Vasco de la Mujer&#8221; image_url=&#8221;http:\/\/especialistamasculinidades.umh.es\/files\/2020\/06\/19-e1591349661713.png&#8221; admin_label=&#8221;Profesor&#8221; module_class=&#8221;profesor&#8221; _builder_version=&#8221;4.17.4&#8243; header_font=&#8221;|on|||&#8221; header_font_size=&#8221;16&#8243; header_line_height=&#8221;1.5&#8243; background_size=&#8221;initial&#8221; background_position=&#8221;top_left&#8221; background_repeat=&#8221;repeat&#8221; use_border_color=&#8221;off&#8221; border_color=&#8221;#ffffff&#8221; border_style=&#8221;solid&#8221; global_colors_info=&#8221;{}&#8221;]<a href=\"https:\/\/especialistamasculinidades.umh.es\/ander-bergara-sautua\/\" target=\"_blank\" rel=\"noopener\"><img loading=\"lazy\" class=\"alignnone size-full wp-image-1013\" src=\"http:\/\/especialistamasculinidades.umh.es\/files\/2020\/06\/biography_cv_job_recruitment_candidate_hr-512-e1591611585450.png\" alt=\"maletin\" width=\"25\" height=\"25\" \/><\/a><br \/>\n[\/et_pb_team_member][\/et_pb_column][et_pb_column type=&#8221;1_3&#8243; _builder_version=&#8221;4.16&#8243; custom_padding=&#8221;|||&#8221; global_colors_info=&#8221;{}&#8221; custom_padding__hover=&#8221;|||&#8221;][et_pb_team_member name=&#8221;Miguel Lorente Acosta&#8221; position=&#8221;Universidad de Granada&#8221; image_url=&#8221;http:\/\/especialistamasculinidades.umh.es\/files\/2020\/06\/3.png&#8221; admin_label=&#8221;Profesor&#8221; module_class=&#8221;profesor&#8221; _builder_version=&#8221;4.17.4&#8243; header_font=&#8221;|on|||&#8221; header_font_size=&#8221;16&#8243; header_line_height=&#8221;1.5&#8243; background_size=&#8221;initial&#8221; background_position=&#8221;top_left&#8221; background_repeat=&#8221;repeat&#8221; use_border_color=&#8221;off&#8221; border_color=&#8221;#ffffff&#8221; border_style=&#8221;solid&#8221; global_colors_info=&#8221;{}&#8221;]<a href=\"https:\/\/especialistamasculinidades.umh.es\/miguel-lorente-acosta\/\"><img loading=\"lazy\" class=\"alignnone size-full wp-image-1013\" src=\"http:\/\/especialistamasculinidades.umh.es\/files\/2020\/06\/biography_cv_job_recruitment_candidate_hr-512-e1591611585450.png\" alt=\"maletin\" width=\"25\" height=\"25\" \/><\/a>[\/et_pb_team_member][et_pb_team_member name=&#8221;Joan Sanf\u00e9lix Albelda&#8221; position=&#8221;Universidad Jaume I de Castell\u00f3n&#8221; image_url=&#8221;http:\/\/especialistamasculinidades.umh.es\/files\/2020\/06\/11.png&#8221; admin_label=&#8221;Profesor&#8221; module_class=&#8221;profesor&#8221; _builder_version=&#8221;4.17.4&#8243; header_font=&#8221;|on|||&#8221; header_font_size=&#8221;16&#8243; header_line_height=&#8221;1.5&#8243; background_size=&#8221;initial&#8221; background_position=&#8221;top_left&#8221; background_repeat=&#8221;repeat&#8221; hover_enabled=&#8221;0&#8243; use_border_color=&#8221;off&#8221; border_color=&#8221;#ffffff&#8221; border_style=&#8221;solid&#8221; global_colors_info=&#8221;{}&#8221; sticky_enabled=&#8221;0&#8243;]<\/p>\n<p><a href=\"https:\/\/especialistamasculinidades.umh.es\/joan-sanfelix-albelda\/\" target=\"_blank\" rel=\"noopener\"><img loading=\"lazy\" class=\"alignnone size-full wp-image-1013\" src=\"http:\/\/especialistamasculinidades.umh.es\/files\/2020\/06\/biography_cv_job_recruitment_candidate_hr-512-e1591611585450.png\" alt=\"maletin\" width=\"25\" height=\"25\"><\/a><\/p>\n<p>[\/et_pb_team_member][et_pb_team_member name=&#8221;Carmelo Hern\u00e1ndez Ramos&#8221; position=&#8221;Universidad de Alicante&#8221; image_url=&#8221;https:\/\/especialistamasculinidades.umh.es\/files\/2020\/06\/15-150&#215;150.png&#8221; admin_label=&#8221;Profesor&#8221; module_class=&#8221;profesor&#8221; _builder_version=&#8221;4.17.4&#8243; header_font=&#8221;|on|||&#8221; header_font_size=&#8221;16&#8243; header_line_height=&#8221;1.5&#8243; background_size=&#8221;initial&#8221; background_position=&#8221;top_left&#8221; background_repeat=&#8221;repeat&#8221; use_border_color=&#8221;off&#8221; border_color=&#8221;#ffffff&#8221; border_style=&#8221;solid&#8221; global_colors_info=&#8221;{}&#8221;]<a href=\"https:\/\/especialistamasculinidades.umh.es\/carmelo-hernandez-ramos\/\" target=\"_blank\" rel=\"noopener\"><img loading=\"lazy\" class=\"alignnone size-full wp-image-1013\" src=\"http:\/\/especialistamasculinidades.umh.es\/files\/2020\/06\/biography_cv_job_recruitment_candidate_hr-512-e1591611585450.png\" alt=\"maletin\" width=\"25\" height=\"25\" \/><\/a>[\/et_pb_team_member][et_pb_team_member name=&#8221;Carlos Manuel Ramos Lahiguera&#8221; position=&#8221;Universidad Miguel Hern\u00e1ndez de Elche&#8221; image_url=&#8221;https:\/\/especialistamasculinidades.umh.es\/files\/2020\/06\/9-150&#215;150.png&#8221; admin_label=&#8221;Profesor&#8221; module_class=&#8221;profesor&#8221; _builder_version=&#8221;4.17.4&#8243; header_font=&#8221;|on|||&#8221; header_font_size=&#8221;16&#8243; header_line_height=&#8221;1.5&#8243; background_size=&#8221;initial&#8221; background_position=&#8221;top_left&#8221; background_repeat=&#8221;repeat&#8221; use_border_color=&#8221;off&#8221; border_color=&#8221;#ffffff&#8221; border_style=&#8221;solid&#8221; global_colors_info=&#8221;{}&#8221;]<a href=\"https:\/\/umh.es\/contenido\/Universidad\/:persona_122515\/datos_es.html?marcaTxtBusc=carlos%20manuel%20ramos%20lahiguera\" target=\"_blank\" rel=\"noopener\"><img loading=\"lazy\" class=\"alignnone size-full wp-image-274\" src=\"http:\/\/especialistamasculinidades.umh.es\/files\/2019\/05\/favicon.png\" alt=\"favicon\" width=\"16\" height=\"16\" \/><\/a>\u00a0<a href=\"https:\/\/especialistamasculinidades.umh.es\/carlos-manuel-ramos-lahiguera\/\" target=\"_blank\" rel=\"noopener\"><img loading=\"lazy\" class=\"alignnone size-full wp-image-1013\" src=\"http:\/\/especialistamasculinidades.umh.es\/files\/2020\/06\/biography_cv_job_recruitment_candidate_hr-512-e1591611585450.png\" alt=\"maletin\" width=\"25\" height=\"25\" \/><\/a>[\/et_pb_team_member][et_pb_team_member name=&#8221;Jorge Garc\u00eda Mar\u00edn&#8221; position=&#8221;Universidad de Santiago de Compostela&#8221; image_url=&#8221;http:\/\/especialistamasculinidades.umh.es\/files\/2020\/06\/12-e1591349612510.png&#8221; admin_label=&#8221;Profesor&#8221; module_class=&#8221;profesor&#8221; _builder_version=&#8221;4.17.4&#8243; header_font=&#8221;|on|||&#8221; header_font_size=&#8221;16&#8243; header_line_height=&#8221;1.5&#8243; background_size=&#8221;initial&#8221; background_position=&#8221;top_left&#8221; background_repeat=&#8221;repeat&#8221; use_border_color=&#8221;off&#8221; border_color=&#8221;#ffffff&#8221; border_style=&#8221;solid&#8221; global_colors_info=&#8221;{}&#8221;]<a href=\"https:\/\/especialistamasculinidades.umh.es\/jorge-garcia-marin\/\" target=\"_blank\" rel=\"noopener\"><img loading=\"lazy\" class=\"alignnone size-full wp-image-1013\" src=\"http:\/\/especialistamasculinidades.umh.es\/files\/2020\/06\/biography_cv_job_recruitment_candidate_hr-512-e1591611585450.png\" alt=\"maletin\" width=\"25\" height=\"25\" \/><\/a>[\/et_pb_team_member][et_pb_team_member name=&#8221;Bakea Alonso Fern\u00e1ndez de Avil\u00e9s&#8221; position=&#8221;Fundaci\u00f3n CEPAIM&#8221; image_url=&#8221;http:\/\/especialistamasculinidades.umh.es\/files\/2020\/06\/20.png&#8221; admin_label=&#8221;Profesor&#8221; module_class=&#8221;profesor&#8221; _builder_version=&#8221;4.17.4&#8243; header_font=&#8221;|on|||&#8221; header_font_size=&#8221;16&#8243; header_line_height=&#8221;1.5&#8243; background_size=&#8221;initial&#8221; background_position=&#8221;top_left&#8221; background_repeat=&#8221;repeat&#8221; use_border_color=&#8221;off&#8221; border_color=&#8221;#ffffff&#8221; border_style=&#8221;solid&#8221; global_colors_info=&#8221;{}&#8221;]<a href=\"https:\/\/especialistamasculinidades.umh.es\/bakea-alonso-fernandez-de-aviles\/\" target=\"_blank\" rel=\"noopener\"><img loading=\"lazy\" class=\"alignnone size-full wp-image-1013\" src=\"http:\/\/especialistamasculinidades.umh.es\/files\/2020\/06\/biography_cv_job_recruitment_candidate_hr-512-e1591611585450.png\" alt=\"maletin\" width=\"25\" height=\"25\" \/><\/a>[\/et_pb_team_member][et_pb_team_member name=&#8221;Tatiana Moura&#8221; position=&#8221;University of Coimbra (CES-UC)&#8221; image_url=&#8221;https:\/\/especialistamasculinidades.umh.es\/files\/2023\/07\/TatianaMoura-150&#215;150.png&#8221; admin_label=&#8221;Profesor&#8221; module_class=&#8221;profesor&#8221; _builder_version=&#8221;4.17.4&#8243; header_font=&#8221;|on|||&#8221; header_font_size=&#8221;16&#8243; header_line_height=&#8221;1.5&#8243; background_size=&#8221;initial&#8221; background_position=&#8221;top_left&#8221; background_repeat=&#8221;repeat&#8221; use_border_color=&#8221;off&#8221; border_color=&#8221;#ffffff&#8221; border_style=&#8221;solid&#8221; global_colors_info=&#8221;{}&#8221;]<a href=\"https:\/\/especialistamasculinidades.umh.es\/tatiana-moura\/\" target=\"_blank\" rel=\"noopener\"><img loading=\"lazy\" class=\"alignnone size-full wp-image-1013\" src=\"http:\/\/especialistamasculinidades.umh.es\/files\/2020\/06\/biography_cv_job_recruitment_candidate_hr-512-e1591611585450.png\" alt=\"maletin\" width=\"25\" height=\"25\" \/><\/a><br \/>\n[\/et_pb_team_member][\/et_pb_column][\/et_pb_row][\/et_pb_section]<\/p>\n","protected":false},"excerpt":{"rendered":"<p>Professorat \u00a0 \u00a0 \u00a0<\/p>\n","protected":false},"author":5,"featured_media":0,"parent":0,"menu_order":0,"comment_status":"open","ping_status":"open","template":"","meta":{"_et_pb_use_builder":"on","_et_pb_old_content":"","_et_gb_content_width":"","ngg_post_thumbnail":0,"_links_to":"","_links_to_target":""},"_links":{"self":[{"href":"https:\/\/especialistamasculinidades.umh.es\/ca\/wp-json\/wp\/v2\/pages\/2405"}],"collection":[{"href":"https:\/\/especialistamasculinidades.umh.es\/ca\/wp-json\/wp\/v2\/pages"}],"about":[{"href":"https:\/\/especialistamasculinidades.umh.es\/ca\/wp-json\/wp\/v2\/types\/page"}],"author":[{"embeddable":true,"href":"https:\/\/especialistamasculinidades.umh.es\/ca\/wp-json\/wp\/v2\/users\/5"}],"replies":[{"embeddable":true,"href":"https:\/\/especialistamasculinidades.umh.es\/ca\/wp-json\/wp\/v2\/comments?post=2405"}],"version-history":[{"count":0,"href":"https:\/\/especialistamasculinidades.umh.es\/ca\/wp-json\/wp\/v2\/pages\/2405\/revisions"}],"wp:attachment":[{"href":"https:\/\/especialistamasculinidades.umh.es\/ca\/wp-json\/wp\/v2\/media?parent=2405"}],"curies":[{"name":"wp","href":"https:\/\/api.w.org\/{rel}","templated":true}]}}