{"id":2396,"date":"2023-07-10T08:48:52","date_gmt":"2023-07-10T08:48:52","guid":{"rendered":"https:\/\/especialistamasculinidades.umh.es\/?page_id=2396"},"modified":"2024-09-25T18:30:46","modified_gmt":"2024-09-25T18:30:46","slug":"plan-d-estudis","status":"publish","type":"page","link":"https:\/\/especialistamasculinidades.umh.es\/ca\/plan-d-estudis\/","title":{"rendered":"Plan d&#8217; estudis"},"content":{"rendered":"<p>[et_pb_section fb_built=&#8221;1&#8243; admin_label=&#8221;section&#8221; _builder_version=&#8221;4.16&#8243; global_colors_info=&#8221;{}&#8221;][et_pb_row admin_label=&#8221;row&#8221; _builder_version=&#8221;4.16&#8243; background_size=&#8221;initial&#8221; background_position=&#8221;top_left&#8221; background_repeat=&#8221;repeat&#8221; global_colors_info=&#8221;{}&#8221;][et_pb_column type=&#8221;4_4&#8243; _builder_version=&#8221;4.16&#8243; custom_padding=&#8221;|||&#8221; global_colors_info=&#8221;{}&#8221; custom_padding__hover=&#8221;|||&#8221;][et_pb_text admin_label=&#8221;Texto&#8221; _builder_version=&#8221;4.17.4&#8243; background_size=&#8221;initial&#8221; background_position=&#8221;top_left&#8221; background_repeat=&#8221;repeat&#8221; hover_enabled=&#8221;0&#8243; use_border_color=&#8221;off&#8221; border_color=&#8221;#ffffff&#8221; border_style=&#8221;solid&#8221; global_colors_info=&#8221;{}&#8221; sticky_enabled=&#8221;0&#8243;]<\/p>\n<h1 style=\"color: #9a2127\">Plan d&#8217; Estudis<\/h1>\n<p style=\"text-align: justify\">El <strong>T\u00edtol d&#8217;Especialista Universitari en Masculinitats, G\u00e8nere i Igualtat<\/strong> s&#8217;ofereix en format teoricopr\u00e0ctic amb una c\u00e0rrega lectiva de 30 cr\u00e8dits *ECTS i en la modalitat 100% on-line (no presencial). La formaci\u00f3 s&#8217;imparteix en un curs acad\u00e8mic (2023-2024) des d&#8217;octubre 2023 a setembre 2024 i est\u00e0 dividit en deu assignatures que s&#8217;aniran presentant cada tres setmanes. A continuaci\u00f3, es mostren les assignatures, els seus cr\u00e8dits, els temes, el professorat que les imparteix i el per\u00edode d&#8217;impartici\u00f3:<\/p>\n<table>\n<tbody>\n<tr>\n<td>&nbsp;<\/td>\n<td><b>ASIGNATURA<\/b><\/td>\n<td><b>INICI<\/b><\/td>\n<td><b>FINAL<\/b><\/td>\n<\/tr>\n<tr>\n<td><span style=\"font-weight: 400\">1<\/span><\/td>\n<td>FONAMENTS TE\u00d2RICS SOBRE FEMINISME, IGUALTAT DE G\u00c8NERE I MASCULINITATS<\/td>\n<td><span style=\"font-weight: 400\">03-10-2023<\/span><\/td>\n<td><span style=\"font-weight: 400\">20-10-2023<\/span><\/td>\n<\/tr>\n<tr>\n<td><span style=\"font-weight: 400\">2<\/span><\/td>\n<td>LA CONSTRUCCI\u00d3 CULTURAL DE LES MASCULINITATS<\/td>\n<td>&nbsp;<\/td>\n<td><span style=\"font-weight: 400\">10-11-2023<\/span><\/td>\n<\/tr>\n<tr>\n<td><span style=\"font-weight: 400\">3<\/span><\/td>\n<td>TREBALL, CONCILIACI\u00d3, PATERNITAT<\/td>\n<td>&nbsp;<\/td>\n<td><span style=\"font-weight: 400\">01-12-2023<\/span><\/td>\n<\/tr>\n<tr>\n<td><span style=\"font-weight: 400\">4<\/span><\/td>\n<td>TREBALLAR LES MASCULINITATS IGUALIT\u00c0RIES DES D&#8217;UNA PERSPECTIVA COEDUCATIVA<\/td>\n<td>&nbsp;<\/td>\n<td><span style=\"font-weight: 400\">26-01-2024<\/span><\/td>\n<\/tr>\n<tr>\n<td><span style=\"font-weight: 400\">5<\/span><\/td>\n<td>MASCULINITATS, PODER I CIUTADANIA<\/td>\n<td>&nbsp;<\/td>\n<td><span style=\"font-weight: 400\">16-02-2024<\/span><\/td>\n<\/tr>\n<tr>\n<td><span style=\"font-weight: 400\">6<\/span><\/td>\n<td>SALUT, SEXUALITAT I MASCULINITAT<\/td>\n<td><span style=\"font-weight: 400\">19-02-2024<\/span><\/td>\n<td><span style=\"font-weight: 400\">07-03-2024<\/span><\/td>\n<\/tr>\n<tr>\n<td><span style=\"font-weight: 400\">7<\/span><\/td>\n<td>VIOL\u00c8NCIES DE G\u00c8NERE I MASCULINITATS<\/td>\n<td>&nbsp;<\/td>\n<td><span style=\"font-weight: 400\">12-04-2024<\/span><\/td>\n<\/tr>\n<tr>\n<td><span style=\"font-weight: 400\">8<\/span><\/td>\n<td>CREENCES, COSSOS I REPRESENTACIONS DE LES MASCULINITATS<\/td>\n<td>&nbsp;<\/td>\n<td><span style=\"font-weight: 400\">03-05-2024<\/span><\/td>\n<\/tr>\n<tr>\n<td><span style=\"font-weight: 400\">9<\/span><\/td>\n<td>INTERVENCI\u00d3 AMB HOMES EN PERSPECTIVA DE G\u00c8NERE<\/td>\n<td>&nbsp;<\/td>\n<td><span style=\"font-weight: 400\">24-05-2024<\/span><\/td>\n<\/tr>\n<tr>\n<td><span style=\"font-weight: 400\">10<\/span><\/td>\n<td>TREBALL FI DE T\u00cdTOL<\/td>\n<td>&nbsp;<\/td>\n<td><span style=\"font-weight: 400\">14-06-2024<\/span><\/td>\n<\/tr>\n<\/tbody>\n<\/table>\n<p><strong><strong>&nbsp;<\/strong><\/strong><\/p>\n<table>\n<tbody>\n<tr>\n<td><b>N\u00ba<\/b><\/td>\n<td><b>ASIGNATURES<\/b><\/td>\n<td><b>TEMES<\/b><\/td>\n<\/tr>\n<tr>\n<td><span style=\"font-weight: 400\">1<\/span><\/td>\n<td>\n<p><span style=\"font-weight: 400\">FONAMENTS TE\u00d2RICS SOBRE FEMINISME, IGUALTAT DE G\u00c8NERE I MASCULINITATS <\/span><\/p>\n<p><span style=\"font-weight: 400\">3 ECTS<\/span><\/p>\n<\/td>\n<td>\n<p><span style=\"font-weight: 400\">1.1.- EVOLUCI\u00d3N DE LA IGUALDAD DE G\u00c9NERO EN EL CONTEXTO ESPA\u00d1OL. Profesora: Anastasia T\u00e9llez Infantes (1 ECTS)<\/span><\/p>\n<p><span style=\"font-weight: 400\">1.2.- PERSPECTIVA TE\u00d3RICA Y GENERAL SOBRE TEOR\u00cdA FEMINISTA. Profesora:&nbsp;Beatriz Ranea Trivi\u00f1o (1 ECTS)<\/span><\/p>\n<p><span style=\"font-weight: 400\">1.3.- EL ESTUDIO DE LAS MASCULINIDADES DESDE LA TEOR\u00cdA DE G\u00c9NERO. Profesor: Iv\u00e1n Sambade Baquer\u00edn (1 ECTS)<\/span><\/p>\n<\/td>\n<\/tr>\n<tr>\n<td><span style=\"font-weight: 400\">2<\/span><\/td>\n<td>\n<p><span style=\"font-weight: 400\">LA CONSTRUCCI\u00d3 CULTURAL DE LES MASCULINITATS <\/span><\/p>\n<p><span style=\"font-weight: 400\">3 ECTS<\/span><\/p>\n<\/td>\n<td>\n<p><span style=\"font-weight: 400\">2.1.- CULTURA E IDENTIDAD DE G\u00c9NERO: MASCULINIDADES Y FEMINIDADES EN CONSTRUCCI\u00d3N. Profesora: Anastasia T\u00e9llez Infantes (1 ECTS)<\/span><\/p>\n<p><span style=\"font-weight: 400\">2.2.- RITOS Y ESPACIOS DE CREACI\u00d3N Y REPRODUCCI\u00d3N DE LA MASCULINIDAD TRADICIONAL EN DIVERSAS CULTURAS. Profesor: Joan Sanf\u00e9lix Albelda (1 ECTS)<\/span><\/p>\n<p><span style=\"font-weight: 400\">2.3.- SOCIABILIDAD Y CONSTITUCION DE LA IDENTIDAD MASCULINA ENTRE VARONES. Profesora:&nbsp;Carmen Ruiz Repullo (1 ECTS)<\/span><\/p>\n<\/td>\n<\/tr>\n<tr>\n<td><span style=\"font-weight: 400\">3<\/span><\/td>\n<td>\n<p><span style=\"font-family: inherit;font-size: inherit\">TREBALL, CONCILIACI\u00d3, PATERNITAT <\/span><\/p>\n<p><span style=\"font-family: inherit;font-size: inherit\">3 ECTS<\/span><\/p>\n<\/td>\n<td>\n<p>3.1.- EL AN\u00c1LISIS DEL TRABAJO Y LA MASCULINIDAD CON PERSPECTIVA DE G\u00c9NERO. Profesora: Anastasia T\u00e9llez Infantes (1 ECTS)<\/p>\n<p>3.2.- TRABAJO, IGUALDAD DE OPORTUNIDADES Y CONCILIACI\u00d3N. Profesora: Rosario Carmona Paredes (1 ECTS)<\/p>\n<p>3.3.- MASCULINIDADES Y PR\u00c1CTICAS DE PATERNIDAD. Profesora: Alejandra Salguero Vel\u00e1zquez (1 ECTS)<\/p>\n<\/td>\n<\/tr>\n<tr>\n<td><span style=\"font-weight: 400\">4<\/span><\/td>\n<td>\n<p><span style=\"font-family: inherit;font-size: inherit\">TREBALLAR LES MASCULINITATS IGUALIT\u00c0RIES DES D&#8217;UNA PERSPECTIVA COEDUCATIVA <\/span><\/p>\n<p><span style=\"font-family: inherit;font-size: inherit\">3 ECTS<\/span><\/p>\n<\/td>\n<td>\n<p><span style=\"font-weight: 400\">4.1.- COEDUCACI\u00d3N: CAMBIO EN LAS MASCULINIDADES DESDE LA EDUCACI\u00d3N. Profesor: Jorge Garc\u00eda Mar\u00edn (1 ECTS)<\/span><\/p>\n<p><span style=\"font-weight: 400\">4.2.- MASCULINIDADES IGUALITARIAS: \u00bfQU\u00c9 SON? \u00bfEN QU\u00c9 PUNTO NOS ENCONTRAMOS? \u00bfCU\u00c1LES SER\u00cdAN LOS PRINCIPALES \u00c1MBITOS PARA SU ABORDAJE? Profesor: Joan Sanf\u00e9lix Albelda (1 ECTS)<\/span><\/p>\n<p><span style=\"font-weight: 400\">4.3.- C\u00d3MO LLEVAR A LA PR\u00c1CTICA LA COEDUCACI\u00d3N: TRABAJANDO LAS MASCULINIDADES DESDE LA EDUCACI\u00d3N FORMAL Y NO FORMAL. Profesor: Jorge Cascales Ribera (1 ECTS)<\/span><\/p>\n<\/td>\n<\/tr>\n<tr>\n<td><span style=\"font-weight: 400\">5<\/span><\/td>\n<td>\n<p><span style=\"font-family: inherit;font-size: inherit\">MASCULINITATS, PODER I CIUTADANIA <\/span><\/p>\n<p><span style=\"font-family: inherit;font-size: inherit\">3 ECTS<\/span><\/p>\n<\/td>\n<td>\n<p>5.1.- EL PODER COMO PACTO DE VARONES: UNA CR\u00cdTICA FEMINISTA DE LAS DEMOCRACIAS IMPERFECTAS. Profesor: Octavio Salazar Ben\u00edtez (1 ECTS)<\/p>\n<p>5.2.- MASCULINIDADES IGUALITARIAS Y DEMOCRACIA PARITARIA. Profesor: Octavio Salazar Ben\u00edtez (1 ECTS)<\/p>\n<p>5.3.- POL\u00cdTICAS P\u00daBLICAS DE IGUALDAD ESPEC\u00cdFICAS PARA HOMBRES. Profesor: Ander Bergara Sautua (1 ECTS)<\/p>\n<\/td>\n<\/tr>\n<tr>\n<td><span style=\"font-weight: 400\">6<\/span><\/td>\n<td>\n<p><span style=\"font-family: inherit;font-size: inherit\">SALUT, SEXUALITAT I MASCULINITAT <\/span><\/p>\n<p><span style=\"font-family: inherit;font-size: inherit\">3 ECTS<\/span><\/p>\n<\/td>\n<td>\n<p><span style=\"font-weight: 400\">6.1.-SEXUALIDAD, PROSTITUCI\u00d3N Y TRATA. Profesora: M\u00aa Jes\u00fas Navarro R\u00edos (1 ECTS)<\/span><\/p>\n<p><span style=\"font-weight: 400\">6.2.- MASCULINIDADES Y DIVERSIDAD AFECTIVO-SEXUAL E IDENTITARIA. Profesor: Iv\u00e1n Sambade Baquer\u00edn (1 ECTS)<\/span><\/p>\n<p><span style=\"font-weight: 400\">6.3.- SALUD Y MASCULINIDAD. Profesor: Benno George Alvaro de Keijzer Fokker (1 ECTS)&nbsp;<\/span><\/p>\n<\/td>\n<\/tr>\n<tr>\n<td><span style=\"font-weight: 400\">7<\/span><\/td>\n<td>\n<p><span style=\"font-family: inherit;font-size: inherit\">VIOL\u00c8NCIES DE G\u00c8NERE I MASCULINITATS <\/span><\/p>\n<p><span style=\"font-family: inherit;font-size: inherit\">3 ECTS<\/span><\/p>\n<\/td>\n<td>\n<p><span style=\"font-weight: 400\">7.1.- LA VIOLENCIA DE G\u00c9NERO COMO IDENTIDAD. Profesor: Miguel Lorente Acosta&nbsp;(1 ECTS)<\/span><\/p>\n<p><span style=\"font-weight: 400\">7.2.- INTERVENCI\u00d3N CON AGRESORES DE G\u00c9NERO EN MEDIO ABIERTO Y CERRADO: EXIGENCIA LEGAL E INSTRUMENTO \u00daTIL CONTRA LA VIOLENCIA DE G\u00c9NERO. Profesor: Jos\u00e9 Pablo Cu\u00e9llar Ot\u00f3n&nbsp;(1 ECTS)<\/span><\/p>\n<p><span style=\"font-weight: 400\">7.3.- HOMBRES QUE MALTRATAN: LA EXPRESI\u00d3N SUSTANTIVA DEL FRACASO DEL MODELO TRADICIONAL DE MASCULINIDAD HEGEM\u00d3NICA. Profesor: Carmelo Hern\u00e1ndez Ramos (1 ECTS)<\/span><\/p>\n<\/td>\n<\/tr>\n<tr>\n<td><span style=\"font-weight: 400\">8<\/span><\/td>\n<td>\n<p><span style=\"font-family: inherit;font-size: inherit\">CREENCES, COSSOS I REPRESENTACIONS DE LES MASCULINITATS <\/span><\/p>\n<p><span style=\"font-family: inherit;font-size: inherit\">3 ECTS<\/span><\/p>\n<\/td>\n<td>\n<p><span style=\"font-weight: 400\">8.1.- REPRESENTACIONES DE LAS MASCULINIDADES EN LOS MEDIOS DE COMUNICACI\u00d3N. Profesor: Carlos M. Ramos Lahiguera (1 ECTS)<\/span><\/p>\n<p><span style=\"font-weight: 400\">8.2.- IMPLICACIONES Y CONSECUENCIAS DE LA MASCULINIDAD EN LAS CORPOREIDADES. Profesor: Javier Eloy Mart\u00ednez Guirao (1 ECTS)<\/span><\/p>\n<p><span style=\"font-weight: 400\">8.3.- LOS DIOSES VARONES Y LAS MASCULINIDADES SAGRADAS. Profesor: Juan Jos\u00e9 Tamayo Acosta (1 ECTS)<\/span><\/p>\n<\/td>\n<\/tr>\n<tr>\n<td><span style=\"font-weight: 400\">9<\/span><\/td>\n<td>\n<p><span style=\"font-family: inherit;font-size: inherit\">INTERVENCI\u00d3 AMB HOMES EN PERSPECTIVA DE G\u00c8NERE <\/span><\/p>\n<p><span style=\"font-family: inherit;font-size: inherit\">3 ECTS<\/span><\/p>\n<\/td>\n<td>\n<p><span style=\"font-weight: 400\">9.1.- HOMBRES, MASCULINIDADES Y BIENESTAR SOCIAL. Profesor: Jorge Cascales Ribera (1 ECTS).<\/span><\/p>\n<p><span style=\"font-weight: 400\">9.2.- EL ESPACIO RELACIONAL EN EL CENTRO DEL PROCESO DE INTERVENCI\u00d3N SOCIAL. Profesorado: Jorge Cascales Ribera (0,5 ECTS) y Bakea Alonso (0,5 ECTS).<\/span><\/p>\n<p><span style=\"font-weight: 400\">9.3.- PROYECTOS Y PROGRAMAS DE INTERVENCI\u00d3N EN EL TRABAJO Y LA EDUCACI\u00d3N SOCIAL CON HOMBRES. Profesora: Bakea Alonso Fern\u00e1ndez de Avil\u00e9s (1 ECTS).<\/span><\/p>\n<\/td>\n<\/tr>\n<tr>\n<td><span style=\"font-weight: 400\">10<\/span><\/td>\n<td>\n<p>TREBALL FI DE T\u00cdTOL<\/p>\n<p><span style=\"font-weight: 400\">3 ECTS<\/span><\/p>\n<\/td>\n<td><span style=\"font-weight: 400\">10.- TREBALL FI DE T\u00cdTOL<br \/><\/span><\/p>\n<p><span style=\"font-weight: 400\">Profesora: Anastasia T\u00e9llez Infantes (1 ECTS)<\/span><\/p>\n<p>Profesora: Tatiana Moura Gon\u00e7alves (1 ECTS)&nbsp;<\/p>\n<p>Profesor: Mauricio Zabalgoitia Herrera (1 ECTS)&nbsp;<\/p>\n<\/td>\n<\/tr>\n<\/tbody>\n<\/table>\n<p>[\/et_pb_text][\/et_pb_column][\/et_pb_row][\/et_pb_section]<\/p>\n","protected":false},"excerpt":{"rendered":"<p>Plan d&#8217; Estudis El T\u00edtol d&#8217;Especialista Universitari en Masculinitats, G\u00e8nere i Igualtat s&#8217;ofereix en format teoricopr\u00e0ctic amb una c\u00e0rrega lectiva de 30 cr\u00e8dits *ECTS i en la modalitat 100% on-line (no presencial). La formaci\u00f3 s&#8217;imparteix en un curs acad\u00e8mic (2023-2024) des d&#8217;octubre 2023 a setembre 2024 i est\u00e0 dividit en deu assignatures que s&#8217;aniran presentant [&hellip;]<\/p>\n","protected":false},"author":23459,"featured_media":0,"parent":0,"menu_order":0,"comment_status":"open","ping_status":"open","template":"","meta":{"_et_pb_use_builder":"on","_et_pb_old_content":"<p>[et_pb_section fb_built=\"1\" admin_label=\"section\" _builder_version=\"4.16\" global_colors_info=\"{}\"][et_pb_row admin_label=\"row\" _builder_version=\"4.16\" background_size=\"initial\" background_position=\"top_left\" background_repeat=\"repeat\" global_colors_info=\"{}\"][et_pb_column type=\"4_4\" _builder_version=\"4.16\" custom_padding=\"|||\" global_colors_info=\"{}\" custom_padding__hover=\"|||\"][et_pb_text admin_label=\"Texto\" _builder_version=\"4.17.4\" background_size=\"initial\" background_position=\"top_left\" background_repeat=\"repeat\" use_border_color=\"off\" border_color=\"#ffffff\" border_style=\"solid\" global_colors_info=\"{}\"]<\/p><h1 style=\"color: #9a2127;\">Plan de Estudios<\/h1><p style=\"text-align: justify;\"><span style=\"font-weight: 400;\">El <\/span><b>T\u00edtulo de Especialista Universitario en Masculinidades, G\u00e9nero e Igualdad<\/b><span style=\"font-weight: 400;\"> se ofrece en formato te\u00f3rico-pr\u00e1ctico con una carga lectiva de 30 cr\u00e9ditos ECTS y en la modalidad 100% on-line (no presencial). La formaci\u00f3n se imparte en un curso acad\u00e9mico (2023-2024) desde octubre 2023 a septiembre 2024 y est\u00e1 dividido en diez asignaturas que se ir\u00e1n presentando cada tres semanas.<\/span><\/p><p style=\"text-align: justify;\"><span style=\"font-weight: 400;\">A continuaci\u00f3n, se muestran las asignaturas, sus cr\u00e9ditos, los temas, el profesorado que las imparte y el periodo de impartici\u00f3n:<\/span><\/p><table><tbody><tr><td>\u00a0<\/td><td><b>ASIGNATURA<\/b><\/td><td><b>INICIO<\/b><\/td><td><b>FINAL<\/b><\/td><\/tr><tr><td><span style=\"font-weight: 400;\">1<\/span><\/td><td><span style=\"font-weight: 400;\">FUNDAMENTOS TE\u00d3RICOS SOBRE FEMINISMO, IGUALDAD DE G\u00c9NERO Y MASCULINIDADES<\/span><\/td><td><span style=\"font-weight: 400;\">03-10-2023<\/span><\/td><td><span style=\"font-weight: 400;\">20-10-2023<\/span><\/td><\/tr><tr><td><span style=\"font-weight: 400;\">2<\/span><\/td><td><span style=\"font-weight: 400;\">LA CONSTRUCCI\u00d3N CULTURAL DE LAS MASCULINIDADES<\/span><\/td><td><span style=\"font-weight: 400;\">23-10-2023<\/span><\/td><td><span style=\"font-weight: 400;\">10-11-2023<\/span><\/td><\/tr><tr><td><span style=\"font-weight: 400;\">3<\/span><\/td><td><span style=\"font-weight: 400;\">TRABAJO, CONCILIACI\u00d3N, PATERNIDAD<\/span><\/td><td><span style=\"font-weight: 400;\">13-11-2023<\/span><\/td><td><span style=\"font-weight: 400;\">01-12-2023<\/span><\/td><\/tr><tr><td><span style=\"font-weight: 400;\">4<\/span><\/td><td><span style=\"font-weight: 400;\">TRABAJAR LAS MASCULINIDADES IGUALITARIAS DESDE UNA PERSPECTIVA COEDUCATIVA<\/span><\/td><td><span style=\"font-weight: 400;\">08-01-2024<\/span><\/td><td><span style=\"font-weight: 400;\">26-01-2024<\/span><\/td><\/tr><tr><td><span style=\"font-weight: 400;\">5<\/span><\/td><td>MASCULINIDADES, PODER Y CIUDADAN\u00cdA<\/td><td><span style=\"font-weight: 400;\">29-01-2024<\/span><\/td><td><span style=\"font-weight: 400;\">16-02-2024<\/span><\/td><\/tr><tr><td><span style=\"font-weight: 400;\">6<\/span><\/td><td><span style=\"font-weight: 400;\">SALUD, SEXUALIDAD Y MASCULINIDAD<\/span><\/td><td><span style=\"font-weight: 400;\">19-02-2024<\/span><\/td><td><span style=\"font-weight: 400;\">07-03-202<\/span><\/td><\/tr><tr><td><span style=\"font-weight: 400;\">7<\/span><\/td><td><span style=\"font-weight: 400;\">VIOLENCIAS DE G\u00c9NERO Y MASCULINIDADES<\/span><\/td><td><span style=\"font-weight: 400;\">11-03-2024<\/span><\/td><td><span style=\"font-weight: 400;\">12-04-2024<\/span><\/td><\/tr><tr><td><span style=\"font-weight: 400;\">8<\/span><\/td><td><span style=\"font-weight: 400;\">CREENCIAS, CUERPOS Y\u00a0 REPRESENTACIONES DE LAS MASCULINIDADES<\/span><\/td><td><span style=\"font-weight: 400;\">15-04-2024<\/span><\/td><td><span style=\"font-weight: 400;\">03-05-2024<\/span><\/td><\/tr><tr><td><span style=\"font-weight: 400;\">9<\/span><\/td><td><span style=\"font-weight: 400;\">INTERVENCI\u00d3N CON HOMBRES EN PERSPECTIVA DE G\u00c9NERO<\/span><\/td><td><span style=\"font-weight: 400;\">06-05-2024<\/span><\/td><td><span style=\"font-weight: 400;\">24-05-2024<\/span><\/td><\/tr><tr><td><span style=\"font-weight: 400;\">10<\/span><\/td><td><span style=\"font-weight: 400;\">TRABAJO FIN DE T\u00cdTULO<\/span><\/td><td><span style=\"font-weight: 400;\">19-02-2024<\/span><\/td><td><span style=\"font-weight: 400;\">14-06-2024<\/span><\/td><\/tr><\/tbody><\/table><p><strong><strong>\u00a0<\/strong><\/strong><\/p><table><tbody><tr><td><b>N\u00ba<\/b><\/td><td><b>ASIGNATURAS<\/b><\/td><td><b>TEMAS<\/b><\/td><\/tr><tr><td><span style=\"font-weight: 400;\">1<\/span><\/td><td><span style=\"font-weight: 400;\">FUNDAMENTOS TE\u00d3RICOS SOBRE FEMINISMO, IGUALDAD DE G\u00c9NERO Y MASCULINIDADES<\/span><br \/><span style=\"font-weight: 400;\">3 ECTS<\/span><\/td><td><p><span style=\"font-weight: 400;\">1.1.- EVOLUCI\u00d3N DE LA IGUALDAD DE G\u00c9NERO EN EL CONTEXTO ESPA\u00d1OL. Profesora: Anastasia T\u00e9llez Infantes (1 ECTS)<\/span><\/p><p><span style=\"font-weight: 400;\">1.2.- PERSPECTIVA TE\u00d3RICA Y GENERAL SOBRE TEOR\u00cdA FEMINISTA. Profesora:\u00a0Beatriz Ranea Trivi\u00f1o (1 ECTS)<\/span><\/p><p><span style=\"font-weight: 400;\">1.3.- EL ESTUDIO DE LAS MASCULINIDADES DESDE LA TEOR\u00cdA DE G\u00c9NERO. Profesor: Iv\u00e1n Sambade Baquer\u00edn (1 ECTS)<\/span><\/p><\/td><\/tr><tr><td><span style=\"font-weight: 400;\">2<\/span><\/td><td><span style=\"font-weight: 400;\">LA CONSTRUCCI\u00d3N CULTURAL DE LAS MASCULINIDADES<\/span><br \/><span style=\"font-weight: 400;\">3 ECTS<\/span><\/td><td><p><span style=\"font-weight: 400;\">2.1.- CULTURA E IDENTIDAD DE G\u00c9NERO: MASCULINIDADES Y FEMINIDADES EN CONSTRUCCI\u00d3N. Profesora: Anastasia T\u00e9llez Infantes (1 ECTS)<\/span><\/p><p><span style=\"font-weight: 400;\">2.2.- RITOS Y ESPACIOS DE CREACI\u00d3N Y REPRODUCCI\u00d3N DE LA MASCULINIDAD TRADICIONAL EN DIVERSAS CULTURAS. Profesor: Joan Sanf\u00e9lix Albelda (1 ECTS)<\/span><\/p><p><span style=\"font-weight: 400;\">2.3.- SOCIABILIDAD Y CONSTITUCION DE LA IDENTIDAD MASCULINA ENTRE VARONES. Profesora:\u00a0Carmen Ruiz Repullo (1 ECTS)<\/span><\/p><\/td><\/tr><tr><td><span style=\"font-weight: 400;\">3<\/span><\/td><td><p><span style=\"font-weight: 400;\">TRABAJO, CONCILIACI\u00d3N, PATERNIDAD<\/span><\/p><p><span style=\"font-weight: 400;\">3 ECTS<\/span><\/p><\/td><td><p>3.1.- EL AN\u00c1LISIS DEL TRABAJO Y LA MASCULINIDAD CON PERSPECTIVA DE G\u00c9NERO. Profesora: Anastasia T\u00e9llez Infantes (1 ECTS)<\/p><p>3.2.- TRABAJO, IGUALDAD DE OPORTUNIDADES Y CONCILIACI\u00d3N. Profesora: Rosario Carmona Paredes (1 ECTS)<\/p><p>3.3.- MASCULINIDADES Y PR\u00c1CTICAS DE PATERNIDAD. Profesora: Alejandra Salguero Vel\u00e1zquez (1 ECTS)<\/p><\/td><\/tr><tr><td><span style=\"font-weight: 400;\">4<\/span><\/td><td><p><span style=\"font-weight: 400;\">TRABAJAR LAS MASCULINIDADES IGUALITARIAS DESDE UNA PERSPECTIVA COEDUCATIVA<\/span><\/p><p><span style=\"font-weight: 400;\">3 ECTS<\/span><\/p><\/td><td><p><span style=\"font-weight: 400;\">4.1.- COEDUCACI\u00d3N: CAMBIO EN LAS MASCULINIDADES DESDE LA EDUCACI\u00d3N. Profesor: Jorge Garc\u00eda Mar\u00edn (1 ECTS)<\/span><\/p><p><span style=\"font-weight: 400;\">4.2.- MASCULINIDADES IGUALITARIAS: \u00bfQU\u00c9 SON? \u00bfEN QU\u00c9 PUNTO NOS ENCONTRAMOS? \u00bfCU\u00c1LES SER\u00cdAN LOS PRINCIPALES \u00c1MBITOS PARA SU ABORDAJE? Profesor: Joan Sanf\u00e9lix Albelda (1 ECTS)<\/span><\/p><p><span style=\"font-weight: 400;\">4.3.- C\u00d3MO LLEVAR A LA PR\u00c1CTICA LA COEDUCACI\u00d3N: TRABAJANDO LAS MASCULINIDADES DESDE LA EDUCACI\u00d3N FORMAL Y NO FORMAL. Profesor: Jorge Cascales Ribera (1 ECTS)<\/span><\/p><\/td><\/tr><tr><td><span style=\"font-weight: 400;\">5<\/span><\/td><td><p>MASCULINIDADES, PODER Y CIUDADAN\u00cdA<\/p><p><span style=\"font-weight: 400;\">3 ECTS<\/span><\/p><\/td><td><p>5.1.- EL PODER COMO PACTO DE VARONES: UNA CR\u00cdTICA FEMINISTA DE LAS DEMOCRACIAS IMPERFECTAS. Profesor: Octavio Salazar Ben\u00edtez (1 ECTS)<\/p><p>5.2.- MASCULINIDADES IGUALITARIAS Y DEMOCRACIA PARITARIA. Profesor: Octavio Salazar Ben\u00edtez (1 ECTS)<\/p><p>5.3.- POL\u00cdTICAS P\u00daBLICAS DE IGUALDAD ESPEC\u00cdFICAS PARA HOMBRES. Profesor: Ander Bergara Sautua (1 ECTS)<\/p><\/td><\/tr><tr><td><span style=\"font-weight: 400;\">6<\/span><\/td><td><p><span style=\"font-weight: 400;\">SALUD, SEXUALIDAD Y MASCULINIDAD<\/span><\/p><p><span style=\"font-weight: 400;\">3 ECTS<\/span><\/p><\/td><td><p><span style=\"font-weight: 400;\">6.1.-SEXUALIDAD, PROSTITUCI\u00d3N Y TRATA. Profesora: M\u00aa Jes\u00fas Navarro R\u00edos (1 ECTS)<\/span><\/p><p><span style=\"font-weight: 400;\">6.2.- MASCULINIDADES Y DIVERSIDAD AFECTIVO-SEXUAL E IDENTITARIA. Profesor: Iv\u00e1n Sambade Baquer\u00edn (1 ECTS)<\/span><\/p><p><span style=\"font-weight: 400;\">6.3.- SALUD Y MASCULINIDAD. Profesor: Benno George Alvaro de Keijzer Fokker (1 ECTS)\u00a0<\/span><\/p><\/td><\/tr><tr><td><span style=\"font-weight: 400;\">7<\/span><\/td><td><p><span style=\"font-weight: 400;\">VIOLENCIAS DE G\u00c9NERO Y MASCULINIDADES<\/span><\/p><p><span style=\"font-weight: 400;\">3 ECTS<\/span><\/p><\/td><td><p><span style=\"font-weight: 400;\">7.1.- LA VIOLENCIA DE G\u00c9NERO COMO IDENTIDAD. Profesor: Miguel Lorente Acosta\u00a0(1 ECTS)<\/span><\/p><p><span style=\"font-weight: 400;\">7.2.- INTERVENCI\u00d3N CON AGRESORES DE G\u00c9NERO EN MEDIO ABIERTO Y CERRADO: EXIGENCIA LEGAL E INSTRUMENTO \u00daTIL CONTRA LA VIOLENCIA DE G\u00c9NERO. Profesor: Jos\u00e9 Pablo Cu\u00e9llar Ot\u00f3n\u00a0(1 ECTS)<\/span><\/p><p><span style=\"font-weight: 400;\">7.3.- HOMBRES QUE MALTRATAN: LA EXPRESI\u00d3N SUSTANTIVA DEL FRACASO DEL MODELO TRADICIONAL DE MASCULINIDAD HEGEM\u00d3NICA. Profesor: Carmelo Hern\u00e1ndez Ramos (1 ECTS)<\/span><\/p><\/td><\/tr><tr><td><span style=\"font-weight: 400;\">8<\/span><\/td><td><p><span style=\"font-weight: 400;\">CREENCIAS, CUERPOS Y REPRESENTACIONES DE LAS MASCULINIDADES<\/span><\/p><p><span style=\"font-weight: 400;\">3 ECTS<\/span><\/p><\/td><td><p><span style=\"font-weight: 400;\">8.1.- REPRESENTACIONES DE LAS MASCULINIDADES EN LOS MEDIOS DE COMUNICACI\u00d3N. Profesor: Carlos M. Ramos Lahiguera (1 ECTS)<\/span><\/p><p><span style=\"font-weight: 400;\">8.2.- IMPLICACIONES Y CONSECUENCIAS DE LA MASCULINIDAD EN LAS CORPOREIDADES. Profesor: Javier Eloy Mart\u00ednez Guirao (1 ECTS)<\/span><\/p><p><span style=\"font-weight: 400;\">8.3.- LOS DIOSES VARONES Y LAS MASCULINIDADES SAGRADAS. Profesor: Juan Jos\u00e9 Tamayo Acosta (1 ECTS)<\/span><\/p><\/td><\/tr><tr><td><span style=\"font-weight: 400;\">9<\/span><\/td><td><p><span style=\"font-weight: 400;\">INTERVENCI\u00d3N CON HOMBRES EN PERSPECTIVA DE G\u00c9NERO<\/span><\/p><p><span style=\"font-weight: 400;\">3 ECTS<\/span><\/p><\/td><td><p><span style=\"font-weight: 400;\">9.1.- HOMBRES, MASCULINIDADES Y BIENESTAR SOCIAL. Profesor: Jorge Cascales Ribera (1 ECTS).<\/span><\/p><p><span style=\"font-weight: 400;\">9.2.- EL ESPACIO RELACIONAL EN EL CENTRO DEL PROCESO DE INTERVENCI\u00d3N SOCIAL. Profesorado: Jorge Cascales Ribera (0,5 ECTS) y Bakea Alonso (0,5 ECTS).<\/span><\/p><p><span style=\"font-weight: 400;\">9.3.- PROYECTOS Y PROGRAMAS DE INTERVENCI\u00d3N EN EL TRABAJO Y LA EDUCACI\u00d3N SOCIAL CON HOMBRES. Profesora: Bakea Alonso Fern\u00e1ndez de Avil\u00e9s (1 ECTS).<\/span><\/p><\/td><\/tr><tr><td><span style=\"font-weight: 400;\">10<\/span><\/td><td><p><span style=\"font-weight: 400;\">TRABAJO FIN DE T\u00cdTULO<\/span><\/p><p><span style=\"font-weight: 400;\">3 ECTS<\/span><\/p><\/td><td><p><span style=\"font-weight: 400;\">10.- TRABAJO FIN DE T\u00cdTULO<\/span><\/p><p><span style=\"font-weight: 400;\">Profesora: Anastasia T\u00e9llez Infantes (3 ECTS)<\/span><\/p><\/td><\/tr><\/tbody><\/table><p>[\/et_pb_text][\/et_pb_column][\/et_pb_row][\/et_pb_section]<\/p>","_et_gb_content_width":"","ngg_post_thumbnail":0,"_links_to":"","_links_to_target":""},"_links":{"self":[{"href":"https:\/\/especialistamasculinidades.umh.es\/ca\/wp-json\/wp\/v2\/pages\/2396"}],"collection":[{"href":"https:\/\/especialistamasculinidades.umh.es\/ca\/wp-json\/wp\/v2\/pages"}],"about":[{"href":"https:\/\/especialistamasculinidades.umh.es\/ca\/wp-json\/wp\/v2\/types\/page"}],"author":[{"embeddable":true,"href":"https:\/\/especialistamasculinidades.umh.es\/ca\/wp-json\/wp\/v2\/users\/23459"}],"replies":[{"embeddable":true,"href":"https:\/\/especialistamasculinidades.umh.es\/ca\/wp-json\/wp\/v2\/comments?post=2396"}],"version-history":[{"count":0,"href":"https:\/\/especialistamasculinidades.umh.es\/ca\/wp-json\/wp\/v2\/pages\/2396\/revisions"}],"wp:attachment":[{"href":"https:\/\/especialistamasculinidades.umh.es\/ca\/wp-json\/wp\/v2\/media?parent=2396"}],"curies":[{"name":"wp","href":"https:\/\/api.w.org\/{rel}","templated":true}]}}