{"id":2384,"date":"2020-06-02T09:15:34","date_gmt":"2020-06-02T09:15:34","guid":{"rendered":"https:\/\/especialistamasculinidades.umh.es\/?page_id=2384"},"modified":"2024-09-23T09:28:07","modified_gmt":"2024-09-23T09:28:07","slug":"presentacio","status":"publish","type":"page","link":"https:\/\/especialistamasculinidades.umh.es\/ca\/presentacio\/","title":{"rendered":"Presentaci\u00f3"},"content":{"rendered":"<p>[et_pb_section fb_built=&#8221;1&#8243; admin_label=&#8221;section&#8221; _builder_version=&#8221;4.16&#8243; global_colors_info=&#8221;{}&#8221;][et_pb_row admin_label=&#8221;row&#8221; _builder_version=&#8221;4.16&#8243; background_size=&#8221;initial&#8221; background_position=&#8221;top_left&#8221; background_repeat=&#8221;repeat&#8221; global_colors_info=&#8221;{}&#8221;][et_pb_column type=&#8221;4_4&#8243; _builder_version=&#8221;4.16&#8243; custom_padding=&#8221;|||&#8221; global_colors_info=&#8221;{}&#8221; custom_padding__hover=&#8221;|||&#8221;][et_pb_text admin_label=&#8221;Texto&#8221; _builder_version=&#8221;4.16&#8243; background_size=&#8221;initial&#8221; background_position=&#8221;top_left&#8221; background_repeat=&#8221;repeat&#8221; hover_enabled=&#8221;0&#8243; use_border_color=&#8221;off&#8221; border_color=&#8221;#ffffff&#8221; border_style=&#8221;solid&#8221; global_colors_info=&#8221;{}&#8221; sticky_enabled=&#8221;0&#8243;]<\/p>\n<h1 style=\"color: #9a2127;\">Presentaci\u00f3<\/h1>\n<p style=\"text-align: justify;\">Aquest t\u00edtol d\u2019<strong>Especialista Universitari en Masculinitats, G\u00e8nere i Igualtat<\/strong> de 30 ECTS sorgeix despr\u00e9s de la demanda de formaci\u00f3 especialitzada en masculinitats igualit\u00e0ries que hem observat en els \u00faltims anys, tant en l\u2019\u00e0mbit acad\u00e8mic com professional. Efectivament, els estudis sobre masculinitats, des de fa ja diverses d\u00e8cades, representen un \u00e0mbit de creixent inter\u00e9s social.<br \/>\nAmb aquest curs pretenem formar, analitzar i reflexionar sobre els diferents estudis i investigacions duts a terme sobre homes i masculinitats i la seua relaci\u00f3 i implicaci\u00f3 en la consecuci\u00f3 de la igualtat de g\u00e8nere. I \u00e9s que les transformacions dels rols de g\u00e8nere a partir de la incorporaci\u00f3 massiva de les dones al mercat laboral, aix\u00ed com l\u2019assumpci\u00f3 social del discurs igualitari, han generat transformacions i desajustos en els papers sexuals tradicionals, i han trobat en la legislaci\u00f3 el foment de les masculinitats per a incidir en els canvis socials que s\u2019han produ\u00eft.<\/p>\n<p style=\"text-align: justify;\">En els anys noranta del segle XX alguns autors van comen\u00e7ar a plantejar que la masculinitat estava en crisi i va apar\u00e9ixer en els seus estudis l\u2019an\u00e0lisi de pr\u00e0ctiques masculines d\u2019adaptaci\u00f3 i resist\u00e8ncies davant del canvi. Durant els \u00faltims anys estem assistint de manera cada vegada m\u00e9s conscienciada a la \u00abmediatitzaci\u00f3\u00bb de fen\u00f2mens vinculats a les q\u00fcestions de g\u00e8nere. Exemple d\u2019aix\u00f2 \u00e9s una major conscienciaci\u00f3 i detecci\u00f3 de casos de la denominada \u00abviol\u00e8ncia de g\u00e8nere\u00bb, la qual cosa ha generat avan\u00e7os en el camp de la den\u00fancia p\u00fablica d\u2019aquesta q\u00fcesti\u00f3. Paral\u2022lelament, en l\u2019\u00e0mbit acad\u00e8mic proliferen els estudis sobre les dones i amb \u00abperspectiva de g\u00e8nere\u00bb que pretenen visibilitzarun col\u2022lectiu hist\u00f2ricament confinat a un paper secundari en les nostres societats patriarcals.<\/p>\n<p style=\"text-align: justify;\">D\u2019altra banda, i afortunadament, comencen tamb\u00e9 a emergir amb for\u00e7a noves inquietuds amb aquesta mateixa perspectiva per\u00f2 que pretenen visibilitzar les realitats masculines amb un enfocament que supere la tradicional posici\u00f3 androc\u00e8ntrica.<\/p>\n<p style=\"text-align: justify;\">En aquest sentit, considerem fonamental l\u2019abordatge d\u2019aquestes realitats masculines en tota la seua complexitat perqu\u00e8 ens permeten completar l\u2019immens camp dels estudis de g\u00e8nere donant veu i visibilitat als homes i les seues circumst\u00e0ncies: la seua relaci\u00f3 amb la viol\u00e8ncia, les seues identitats, les seues pr\u00e0ctiques, les noves maneres d\u2019entendre els afectes, la paternitat, la salut, la sexualitat, etc.<br \/>\nSens dubte, un coneixement i una formaci\u00f3 universit\u00e0ria en aquestes realitats pot contribuir a una millor capacitaci\u00f3 en l\u2019\u00e0mbit acad\u00e8mic i professional dirigit a q\u00fcestions de g\u00e8nere i,alhora, a la construcci\u00f3 de societats m\u00e9s justes i igualit\u00e0ries.<\/p>\n<p style=\"text-align: justify;\">Els camins cap a la igualtat real reclamen actualment i necess\u00e0riament la implicaci\u00f3 dels homes, la superaci\u00f3 d\u2019un model de masculinitat tradicional obsoleta i la transici\u00f3 cap a altres formes possibles i m\u00e9s igualit\u00e0ries de ser homes en la nostra societat.<\/p>\n<p style=\"text-align: justify;\">Alguns dels \u00faltims esdeveniments viscuts tant en el context estatal com el mundial han posat de manifest la necessitat urgent de la incorporaci\u00f3 dels homes a la lluita per la igualtat. En el cas espanyol (i en l\u2019internacional) estem assistint a la visibilitzaci\u00f3 cada vegada major d\u2019un moviment feminista potent i amb gran capacitat organitzativa i de mobilitzaci\u00f3, com aix\u00ed ho han demostrat fen\u00f2mens com el 7N Marxa Estatal contra les Viol\u00e8ncies Masclistes a Madrid en 2016, o les \u00faltimes manifestacions del 8 de Mar\u00e7 2015-2020 i les vagues feministes de cures plantejades en aquests termes que van obligar els homes a posicionar-se des d\u2019una reflexi\u00f3pr\u00e8via del que les dones estaven tractant de significar.<\/p>\n<p style=\"text-align: justify;\">Al seu torn, la pand\u00e8mia de la COVID-19 en 2020 ha posat sobre la taula de manera potent el paper dels homes, del teletreball, dels rols de g\u00e8nere, de les cures, de la conciliaci\u00f3, dels nous models de conviv\u00e8ncia i relacions socials, i de la viol\u00e8ncia de g\u00e8nere en situacions de \u201cconfinament i quarantena\u201d.<\/p>\n<p style=\"text-align: justify;\">A m\u00e9s, la mobilitzaci\u00f3 i pressi\u00f3 social a trav\u00e9s del moviment feminista, i de tota mena d\u2019organitzacions i fins i tot de partits pol\u00edtics, ha afavorit la inclusi\u00f3 en l\u2019agenda pol\u00edtica de demandes que directament o indirectament ens porten a la reflexi\u00f3 sobre la masculinitat: el perm\u00eds de paternitat (igual i intransferible) per apel\u2022laci\u00f3 a la coresponsabilitat en les cures, o la q\u00fcesti\u00f3 de la denominada \u201cManada\u201d de la violaci\u00f3 m\u00faltiple de Pamplona al juliol de 2016, que ha suposat una cr\u00edtica manifesta que interpel\u2022la directament al privilegi mascul\u00ed sobre els cossos de les dones a trav\u00e9s de la denominada \u201ccultura de la violaci\u00f3\u201d.<\/p>\n<p style=\"text-align: justify;\">\u00c9s precisament en aquest moment de q\u00fcestionament manifest de la masculinitat quan es fa m\u00e9s necessari i urgent, sens dubte, impulsar l\u2019oferta universit\u00e0ria de formaci\u00f3 especialitzada en igualtat de g\u00e8nere i masculinitats. \u00c9s des de la universitat, des d\u2019on entenem que, pel seu \u00e0mbit de treball i la seua capacitat d\u2019influ\u00e8ncia en la societat, podem i hem de tindre un paper clau en la transformaci\u00f3 de les representacions ide\u00e0tiques sobre els g\u00e8neres i sobre el model d\u2019identitats masculines cap a altres formes possibles de ser home m\u00e9s concordes amb els temps actuals, temps de lluita feminista\u2026 i aix\u00f2 \u00e9s la ra\u00f3 de ser d\u2019aquesta oferta de formaci\u00f3 d\u2019aquest t\u00edtol propi d\u2019especialista universitari en Masculinitats, G\u00e8nere i Igualtat de la Universitat Miguel Hern\u00e1ndez d\u2019Elx.<\/p>\n<h4 style=\"text-align: justify;\"><b>Sobre el professorat:<\/b><\/h4>\n<p style=\"text-align: justify;\">L\u2019equip docent que participa en aquest CURS D\u2019ESPECIALISTA UNIVERSITARI EN MASCULINITATS, G\u00c8NERE I IGUALTAT compta amb 20 professors i professores experts i expertes en masculinitats i igualtat de g\u00e8nere de 16 universitats i institucions (de tres pa\u00efsos diferents). Per a la seua impartici\u00f3 comptem amb professorat d\u2019universitats i institucions espanyoles com ara les d\u2019Alacant, de Val\u00e8ncia, de Castell\u00f3, de M\u00farcia, de C\u00f2rdova, de Granada, de Madrid, de Valladolid, de Santiago de Compostel\u2022la, etc., amb altres administracions i associacions i amb diverses universitats internacionals.<\/p>\n<p style=\"text-align: justify;\">El prestigi\u00f3s elenc de docents d\u2019aquest curs permet l\u2019intercanvi de reflexions teoricoemp\u00edriques dels i les professionals que actualment es dediquen de manera directa i\/o transversal a estudiar fen\u00f2mens vinculats amb la igualtat de g\u00e8nere entre dones i homes, i espec\u00edficament amb la identitat masculina des de les seues diverses manifestacions socials.<\/p>\n<p style=\"text-align: justify;\">S\u2019abordaran tem\u00e0tiques que aniran des de la construcci\u00f3 sociocultural de la masculinitat als processos de canvi i resist\u00e8ncia enfront de l\u2019ascens social de les dones, i s\u2019arribar\u00e0 fins a q\u00fcestions m\u00e9s concretes vinculades amb la corporalitat i la sexualitat masculina (pornografia, prostituci\u00f3, tr\u00e0fic, etc.) o la viol\u00e8ncia de g\u00e8nere, la coresponsabilitat, la paternitat, les cures i les emocions o el risc, la competitivitat, etc., com a eixos articuladors de les pr\u00e0ctiques masculines de molts homes.<\/p>\n<p style=\"text-align: justify;\">En aquest curs l\u2019alumnat tindr\u00e0 ocasi\u00f3 de revisar una s\u00e8rie d\u2019escenaris, de l\u00f2giques, discursos i pr\u00e0ctiques que pretenen fer-nos reflexionar sobre les implicacions que el model de masculinitat tradicional, hegem\u00f2nic, masclista i obsolet t\u00e9 en els homes, en les seues pr\u00f2pies experi\u00e8ncies, en els seus cossos i en la societat.<\/p>\n<p style=\"text-align: justify;\">Les assignatures parteixen d\u2019un enfocament propi de les ci\u00e8ncies socials i des de la interdisciplinarietat que caracteritza els estudis de g\u00e8nere apostant per aproximacions des de l\u2019antropologia, la sociologia, educaci\u00f3 social, la hist\u00f2ria, la teologia, la psicologia, la hist\u00f2ria, la filosofia, la medicina, el treball social i el dret.<\/p>\n<p style=\"text-align: justify;\">Al seu torn, les tem\u00e0tiques abordades s\u00f3n d\u2019all\u00f2 m\u00e9s diverses, i analitzen la masculinitat i les relacions de g\u00e8nere en contextos com ara la pol\u00edtica, els mitjans de comunicaci\u00f3, el treball, la fam\u00edlia, les religions, el m\u00f3n rural, les cures, les paternitats, l\u2019educaci\u00f3, la salut, l\u2019assetjament sexual o l\u2019\u00e0mbit universitari.<\/p>\n<p style=\"text-align: justify;\">En definitiva, es tracta d\u2019un curs plantejat amb un enfocament teoricopr\u00e0ctic basat en les investigacions emp\u00edriques del seu professorat expert en masculinitats i estudis de g\u00e8nere, que formar\u00e0 l\u2019alumnat per al seu posterior desenvolupament professional en l\u2019\u00e0mbit de la igualtat de g\u00e8nere i el treball amb homes i masculinitats.<\/p>\n<h4 style=\"text-align: justify;\"><b>Els principals objectius d\u2019aquest curs s\u00f3n:<\/b><\/h4>\n<ul style=\"text-align: justify;\">\n<li style=\"list-style-type: none;\">\n<ul style=\"text-align: justify;\">\n<li style=\"font-weight: 400;\">Analitzar i formar l\u2019alumnat sobre la situaci\u00f3 i els reptes dels homes davant dels canvis provocats per les dones i afavorir el canvi dels homes cap a nous patrons de relaci\u00f3 amb les dones basats en l\u2019equitat de g\u00e8nere.<\/li>\n<li style=\"font-weight: 400;\">Conscienciar sobre la import\u00e0ncia de l\u2019estudi de les masculinitats des d\u2019una perspectiva de g\u00e8nere amb la finalitat de denunciar els desavantatges i les problem\u00e0tiques que genera la reproducci\u00f3 d\u2019una masculinitat tradicional que comen\u00e7a a posar-se en q\u00fcesti\u00f3 atesa una determinada estructura social.<\/li>\n<li style=\"font-weight: 400;\">Debatre amb l\u2019alumnat sobre les resist\u00e8ncies i els avan\u00e7os masculins cap a la igualtat en diferents \u00e0mbits: familiar, laboral i social, analitzant els nous models de masculinitats existents en les nostres societats en l\u2019actualitat des de la perspectiva de g\u00e8nere.<\/li>\n<li style=\"font-weight: 400;\">Revisar de manera cr\u00edtica la masculinitat tradicional o hegem\u00f2nica i con\u00e9ixer les principals l\u00ednies d\u2019investigaci\u00f3 i conclusions dels estudis sobre masculinitats, que possibiliten la coeducaci\u00f3 que ens porte a dones i homes a aconseguir nous models de masculinitats i feminitats, feministes i igualit\u00e0ries.<\/li>\n<li style=\"font-weight: 400;\">Visibilitzar i analitzar des d\u2019una perspectiva cr\u00edtica la forma en qu\u00e8 es construeix la identitat masculina en els diferents espais de socialitzaci\u00f3 i al llarg de les vides dels homes, les seues opinions i posicionament respecte a la igualtat, les seues pr\u00e0ctiques, les seues pors, els seus processos de canvi o de resist\u00e8ncia, perqu\u00e8 se sumen a la lluita per la igualtat de g\u00e8nere.<\/li>\n<li style=\"font-weight: 400;\">Sensibilitzar, visibilitzar i generar bones pr\u00e0ctiques en mat\u00e8ria d\u2019investigaci\u00f3 de la masculinitat i la implicaci\u00f3 en el canvi per part dels homes i de la societat en el seu conjunt.<\/li>\n<li style=\"font-weight: 400;\">Ressaltar la import\u00e0ncia cient\u00edfica i social del coneixement rigor\u00f3s sobre la identitat masculina en aquest per\u00edode sociohist\u00f2ric concret, per a poder afavorir la implementaci\u00f3 de mesures i pol\u00edtiques d\u2019igualtat que funcionen de manera m\u00e9s efectiva en fen\u00f2mens de vital import\u00e0ncia i a l\u2019hora de construir societats m\u00e9s igualit\u00e0ries i lliures de viol\u00e8ncies: viol\u00e8ncies masculines, negaci\u00f3 de les emocions, reproducci\u00f3 d\u2019un g\u00e8nere en obsolesc\u00e8ncia, etc.<\/li>\n<li style=\"font-weight: 400;\">Estimular la percepci\u00f3 entre els homes que altres maneres de ser home s\u00f3n possibles i que el model de masculinitat tradicional hegem\u00f2nica, encara molt vigent, tot i que amb unes certes clivelles, est\u00e0 obsolet i no t\u00e9 sentit en el segle XXI.<\/li>\n<li style=\"font-weight: 400;\">Promoure la creaci\u00f3 de col\u2022lectius d\u2019homes igualitaris entre la ciutadania.<\/li>\n<\/ul>\n<\/li>\n<\/ul>\n<h4 style=\"text-align: justify;\"><b>L\u2019alumnat obtindr\u00e0 les seg\u00fcents compet\u00e8ncies en finalitzar aquest curs:<\/b><\/h4>\n<ul>\n<li style=\"font-weight: 400; text-align: justify;\">Adquirir\u00e0 capacitats teoricopr\u00e0ctiques per a analitzar i fomentar la construcci\u00f3 social de les masculinitats en la nostra societat.<\/li>\n<li style=\"font-weight: 400; text-align: justify;\">Obtindr\u00e0 coneixements per a veure la realitat amb enfocament de g\u00e8nere, aix\u00ed com els instruments metodol\u00f2gics que permeten interpretar-la i plantejar programes d\u2019intervenci\u00f3 social.<\/li>\n<li style=\"font-weight: 400; text-align: justify;\">Ser\u00e0 capa\u00e7 d\u2019analitzar i valorar cr\u00edticament factors de desigualtat i discriminaci\u00f3 per q\u00fcestions de g\u00e8nere, especialment aquells derivats del model androc\u00e8ntric i hegem\u00f2nic de masculinitat.<\/li>\n<li style=\"font-weight: 400; text-align: justify;\">Estar\u00e0 capacitat\/ada per a recon\u00e9ixer l\u2019organitzaci\u00f3 diferencial en funci\u00f3 del g\u00e8nere que es produeix en els diferents espais socials.<\/li>\n<li style=\"font-weight: 400; text-align: justify;\">Sabr\u00e0 utilitzar a nivell avan\u00e7at models te\u00f2rics sobre la construcci\u00f3 social de la masculinitat amb perspectiva de g\u00e8nere.<\/li>\n<li style=\"font-weight: 400; text-align: justify;\">Coneixer\u00e0, identificar\u00e0 i comprendr\u00e0 les diferents expressions de masculinitat que existeixen en les nostres societats, aix\u00ed com les pr\u00e0ctiques que es configuren a partir d\u2019aquestes.<\/li>\n<li style=\"font-weight: 400; text-align: justify;\">Ser\u00e0 capa\u00e7 de desenvolupar una mirada cientificocr\u00edtica cap als models socials adoptats pels homes, i per les dones, en qualsevol de les seues identitats de g\u00e8nere.<\/li>\n<li style=\"font-weight: 400; text-align: justify;\">Coneixer\u00e0 els avan\u00e7os en refer\u00e8ncia a la igualtat entre dones i homes, aix\u00ed com les seues pol\u00edtiques, les principals resist\u00e8ncies i els nous discursos igualitaris, masculinistes i sexistes existents.<\/li>\n<li style=\"font-weight: 400; text-align: justify;\">Estar\u00e0 capacitat\/ada per a promoure el respecte i la dignitat personal amb independ\u00e8ncia del g\u00e8nere, tant en l\u2019\u00e0mbit acad\u00e8mic, personal o professional.<\/li>\n<li style=\"font-weight: 400; text-align: justify;\">Prendr\u00e0 consci\u00e8ncia sobre la import\u00e0ncia de la implicaci\u00f3 dels homes per a l\u2019assoliment de la igualtat de dones i homes.<\/li>\n<li style=\"font-weight: 400; text-align: justify;\">Adquirir\u00e0 capacitats per a desenvolupar nous models de masculinitat que regulen de forma m\u00e9s justa les relacions entre dones i homes, aix\u00ed com que impulsen marcs de conviv\u00e8ncia com el respecte i la igualtat.<\/li>\n<li style=\"font-weight: 400; text-align: justify;\">Sabr\u00e0 com utilitzar recursos bibliogr\u00e0fics i informaci\u00f3 rellevant vinculats als estudis de g\u00e8nere i els estudis de masculinitats.<\/li>\n<li style=\"font-weight: 400; text-align: justify;\">Dominar\u00e0 eines d\u2019an\u00e0lisi cr\u00edtica que l\u2019ajuden a comprendre i q\u00fcestionar els discursos hegem\u00f2nics i els engranatges discriminatoris implicats en tots els espais socials i causants de les desigualtats de g\u00e8nere.<\/li>\n<\/ul>\n<p>[\/et_pb_text][\/et_pb_column][\/et_pb_row][\/et_pb_section]<\/p>\n","protected":false},"excerpt":{"rendered":"<p>Presentaci\u00f3 Aquest t\u00edtol d\u2019Especialista Universitari en Masculinitats, G\u00e8nere i Igualtat de 30 ECTS sorgeix despr\u00e9s de la demanda de formaci\u00f3 especialitzada en masculinitats igualit\u00e0ries que hem observat en els \u00faltims anys, tant en l\u2019\u00e0mbit acad\u00e8mic com professional. Efectivament, els estudis sobre masculinitats, des de fa ja diverses d\u00e8cades, representen un \u00e0mbit de creixent inter\u00e9s social. [&hellip;]<\/p>\n","protected":false},"author":5,"featured_media":0,"parent":0,"menu_order":0,"comment_status":"open","ping_status":"open","template":"","meta":{"_et_pb_use_builder":"on","_et_pb_old_content":"","_et_gb_content_width":"","ngg_post_thumbnail":0,"_links_to":"","_links_to_target":""},"_links":{"self":[{"href":"https:\/\/especialistamasculinidades.umh.es\/ca\/wp-json\/wp\/v2\/pages\/2384"}],"collection":[{"href":"https:\/\/especialistamasculinidades.umh.es\/ca\/wp-json\/wp\/v2\/pages"}],"about":[{"href":"https:\/\/especialistamasculinidades.umh.es\/ca\/wp-json\/wp\/v2\/types\/page"}],"author":[{"embeddable":true,"href":"https:\/\/especialistamasculinidades.umh.es\/ca\/wp-json\/wp\/v2\/users\/5"}],"replies":[{"embeddable":true,"href":"https:\/\/especialistamasculinidades.umh.es\/ca\/wp-json\/wp\/v2\/comments?post=2384"}],"version-history":[{"count":0,"href":"https:\/\/especialistamasculinidades.umh.es\/ca\/wp-json\/wp\/v2\/pages\/2384\/revisions"}],"wp:attachment":[{"href":"https:\/\/especialistamasculinidades.umh.es\/ca\/wp-json\/wp\/v2\/media?parent=2384"}],"curies":[{"name":"wp","href":"https:\/\/api.w.org\/{rel}","templated":true}]}}